{"id":448,"date":"2022-06-18T16:24:10","date_gmt":"2022-06-18T14:24:10","guid":{"rendered":"https:\/\/lejardinexotique.fr\/?page_id=448"},"modified":"2022-06-18T18:03:23","modified_gmt":"2022-06-18T16:03:23","slug":"les-bambous","status":"publish","type":"page","link":"https:\/\/lejardinexotique.fr\/index.php\/les-bambous\/","title":{"rendered":"Les bambous"},"content":{"rendered":"\n<p>Nous nous sommes rendus \u00e0 la bambouseraie de Anduze  ,  et nous avons appris  \u00e9norm\u00e9ment de choses \u00e0 leur sujet . Le bambou est  une herbe  et oui une herbe !!<\/p>\n\n\n\n<p>Les&nbsp;<strong>bambous<\/strong>&nbsp;sont des&nbsp;<a href=\"https:\/\/fr.wikipedia.org\/wiki\/Plante\">plantes<\/a>&nbsp;<a href=\"https:\/\/fr.wikipedia.org\/wiki\/Monocotyl%C3%A9done\">monocotyl\u00e9dones<\/a>&nbsp;appartenant \u00e0 la&nbsp;<a href=\"https:\/\/fr.wikipedia.org\/wiki\/Famille_(biologie)\">famille<\/a>&nbsp;des&nbsp;<em><a href=\"https:\/\/fr.wikipedia.org\/wiki\/Poaceae\">Poaceae<\/a><\/em>&nbsp;(gramin\u00e9es),&nbsp;<a href=\"https:\/\/fr.wikipedia.org\/wiki\/Sous-famille_(biologie)\">sous-famille<\/a>&nbsp;des&nbsp;<em><a href=\"https:\/\/fr.wikipedia.org\/wiki\/Bambusoideae\">Bambusoideae<\/a><\/em>. Ils se distinguent des autres gramin\u00e9es par leur port arborescent et leurs&nbsp;<a href=\"https:\/\/fr.wikipedia.org\/wiki\/Tige\">tiges<\/a>&nbsp;<a href=\"https:\/\/fr.wikipedia.org\/wiki\/Lignine\">ligneuses<\/a>&nbsp;souvent de grande longueur, et sont r\u00e9partis dans la classification botanique en deux&nbsp;<a href=\"https:\/\/fr.wikipedia.org\/wiki\/Tribu_(biologie)\">tribus<\/a>&nbsp;: les&nbsp;<em><a href=\"https:\/\/fr.wikipedia.org\/wiki\/Bambuseae\">Bambuseae<\/a><\/em>, originaires des r\u00e9gions tropicales et subtropicales, et les&nbsp;<em><a href=\"https:\/\/fr.wikipedia.org\/wiki\/Arundinarieae\">Arundinarieae<\/a><\/em>, originaires des r\u00e9gions temp\u00e9r\u00e9es. Ils sont caract\u00e9ris\u00e9s notamment par leurs tiges form\u00e9es d&rsquo;un&nbsp;<a href=\"https:\/\/fr.wikipedia.org\/wiki\/Chaume_(gramin%C3%A9e)\">chaume<\/a>, g\u00e9n\u00e9ralement creux, lignifi\u00e9, \u00e0 la croissance tr\u00e8s rapide. Les bambous se sont adapt\u00e9s \u00e0 de nombreux climats (tropicaux, subtropicaux, et temp\u00e9r\u00e9s) et sont pr\u00e9sents naturellement dans tous les continents \u00e0 l&rsquo;exception de l&rsquo;<a href=\"https:\/\/fr.wikipedia.org\/wiki\/Antarctique\">Antarctique<\/a>. Il existe une troisi\u00e8me tribu de&nbsp;<em>Bambusoideae<\/em>, celle des&nbsp;<em><a href=\"https:\/\/fr.wikipedia.org\/wiki\/Olyreae\">Olyreae<\/a><\/em>, qui rassemble des bambous&nbsp;<a href=\"https:\/\/fr.wikipedia.org\/wiki\/Plante_herbac%C3%A9e\">herbac\u00e9s<\/a>, originaires des r\u00e9gions tropicales d&rsquo;<a href=\"https:\/\/fr.wikipedia.org\/wiki\/Am%C3%A9rique_latine\">Am\u00e9rique latine<\/a>.<\/p>\n\n\n\n<div style=\"height:79px\" aria-hidden=\"true\" class=\"wp-block-spacer\"><\/div>\n\n\n\n<p>Vous pouvez  les planter pour agr\u00e9menter  votre jardin . Vous trouverez des bambous tra\u00e7ants en  non  tra\u00e7ant .<\/p>\n\n\n\n<div style=\"height:73px\" aria-hidden=\"true\" class=\"wp-block-spacer\"><\/div>\n\n\n\n<h2 class=\"wp-block-heading\">Les bambous noirs :<\/h2>\n\n\n\n<div class=\"wp-block-columns is-layout-flex wp-container-core-columns-is-layout-9d6595d7 wp-block-columns-is-layout-flex\">\n<div class=\"wp-block-column is-layout-flow wp-block-column-is-layout-flow\">\n<figure class=\"wp-block-image size-full\"><img loading=\"lazy\" decoding=\"async\" width=\"400\" height=\"533\" src=\"https:\/\/lejardinexotique.fr\/wp-content\/uploads\/2022\/06\/bambounoir.jpg\" alt=\"\" class=\"wp-image-435\" srcset=\"https:\/\/lejardinexotique.fr\/wp-content\/uploads\/2022\/06\/bambounoir.jpg 400w, https:\/\/lejardinexotique.fr\/wp-content\/uploads\/2022\/06\/bambounoir-225x300.jpg 225w\" sizes=\"auto, (max-width: 400px) 100vw, 400px\" \/><\/figure>\n<\/div>\n\n\n\n<div class=\"wp-block-column is-layout-flow wp-block-column-is-layout-flow\">\n<p>Nous avons installer un  bambou noir En effet ce  dernier est  peu frileux ,  il peut donc \u00eatre cultive dans de nombreuses regions .<\/p>\n\n\n\n<p>De croissance rapide ce bambou atteindra entre 6 et 8 m\u00e8tre dans nos climats . Ces chaumes fins et serres forment  assez rapidement un  \u00e9cran \u00e9pais.<\/p>\n\n\n\n<p>Une fois  coup\u00e9e ,  il gardera sa  jolie couleur noire .<\/p>\n<\/div>\n<\/div>\n\n\n\n<h2 class=\"wp-block-heading\">Les bambous jaunes<\/h2>\n\n\n\n<div class=\"wp-block-columns is-layout-flex wp-container-core-columns-is-layout-9d6595d7 wp-block-columns-is-layout-flex\">\n<div class=\"wp-block-column is-layout-flow wp-block-column-is-layout-flow\">\n<figure class=\"wp-block-image size-large\"><img loading=\"lazy\" decoding=\"async\" width=\"768\" height=\"1024\" src=\"https:\/\/lejardinexotique.fr\/wp-content\/uploads\/2022\/06\/20220618_1119394-768x1024.jpg\" alt=\"\" class=\"wp-image-459\"\/><\/figure>\n<\/div>\n\n\n\n<div class=\"wp-block-column is-layout-flow wp-block-column-is-layout-flow\">\n<p>Le Phyllostachys aureosulcata &lsquo;Aureocaulis&rsquo;, \u00e9galement appel\u00e9 bambou jaune, est une vari\u00e9t\u00e9 d&rsquo;exception, particuli\u00e8rement lumineuse, dot\u00e9e de chaumes totalement jaune vif, devenant roses ou rouges au soleil, formant un merveilleux contraste avec son feuillage vert fonc\u00e9 brillant.<\/p>\n<\/div>\n<\/div>\n\n\n\n<h2 class=\"wp-block-heading\">les bambous fargesias<\/h2>\n\n\n\n<div class=\"wp-block-columns is-layout-flex wp-container-core-columns-is-layout-9d6595d7 wp-block-columns-is-layout-flex\">\n<div class=\"wp-block-column is-layout-flow wp-block-column-is-layout-flow\">\n<figure class=\"wp-block-image size-large\"><img loading=\"lazy\" decoding=\"async\" width=\"768\" height=\"1024\" src=\"https:\/\/lejardinexotique.fr\/wp-content\/uploads\/2022\/06\/20220618_1119264-768x1024.jpg\" alt=\"\" class=\"wp-image-460\"\/><\/figure>\n<\/div>\n\n\n\n<div class=\"wp-block-column is-layout-flow wp-block-column-is-layout-flow\">\n<h3 class=\"wp-block-heading\">Fargesia nitida black pearl<\/h3>\n\n\n\n<p>Hautement d\u00e9coratif, ce nouveau bambou non tra\u00e7ant affiche des cannes de couleur prune fonc\u00e9, quasiment noires. Atteignant 2 m \u00e0 2.5 m \u00e0 maturit\u00e9, il pr\u00e9sente un port tr\u00e8s touffu et s&rsquo;orne d&rsquo;un feuillage fourni, persistant, d&rsquo;un vert fonc\u00e9 mat. Il se pla\u00eet \u00e0 mi ombre ou m\u00eame \u00e0 l&rsquo;ombre plus dense, dans un sol frais et fertile. Installez-le dans un pot sur la terrasse ou exposez-le en isol\u00e9, comme une \u0153uvre d&rsquo;art.<\/p>\n<\/div>\n<\/div>\n\n\n\n<div class=\"wp-block-columns is-layout-flex wp-container-core-columns-is-layout-9d6595d7 wp-block-columns-is-layout-flex\">\n<div class=\"wp-block-column is-layout-flow wp-block-column-is-layout-flow\">\n<figure class=\"wp-block-gallery has-nested-images columns-default is-cropped wp-block-gallery-1 is-layout-flex wp-block-gallery-is-layout-flex\">\n<figure class=\"wp-block-image size-full\"><img loading=\"lazy\" decoding=\"async\" width=\"400\" height=\"533\" data-id=\"434\" src=\"https:\/\/lejardinexotique.fr\/wp-content\/uploads\/2022\/06\/bambou.jpg\" alt=\"\" class=\"wp-image-434\" srcset=\"https:\/\/lejardinexotique.fr\/wp-content\/uploads\/2022\/06\/bambou.jpg 400w, https:\/\/lejardinexotique.fr\/wp-content\/uploads\/2022\/06\/bambou-225x300.jpg 225w\" sizes=\"auto, (max-width: 400px) 100vw, 400px\" \/><\/figure>\n<\/figure>\n<\/div>\n\n\n\n<div class=\"wp-block-column is-layout-flow wp-block-column-is-layout-flow\">\n<h3 class=\"wp-block-heading\">Fargesia rufa<\/h3>\n\n\n\n<p>Bambou de taille moyenne (de 60&nbsp;cm \u00e0 3&nbsp;m\u00e8tres), le Fargesia Rufa est une plante tr\u00e8s appr\u00e9ci\u00e9e. Non sans raison. Avec sa forme buissonnante et ses feuilles vert clair, ce bambou est tr\u00e8s \u00e9l\u00e9gant. Au d\u00e9but, les tiges sont rouges. Elles virent ensuite au vert olive. Les chaumes arborent une teinte brun rouge\u00e2tre-jaune clair puis ils pendent. Autre atout, ce bambou ne prolif\u00e8re pas. Vous n&rsquo;avez pas \u00e0 vous soucier de la prolif\u00e9ration des racines dans votre jardin ou sous le trottoir. Un bambou apporte toujours une plus-value. Une touche orientale bien s\u00fbr mais aussi la s\u00e9r\u00e9nit\u00e9 du bruissement des feuilles.<\/p>\n<\/div>\n<\/div>\n\n\n\n<div class=\"wp-block-columns is-layout-flex wp-container-core-columns-is-layout-9d6595d7 wp-block-columns-is-layout-flex\">\n<div class=\"wp-block-column is-layout-flow wp-block-column-is-layout-flow\">\n<figure class=\"wp-block-image size-full\"><img loading=\"lazy\" decoding=\"async\" width=\"522\" height=\"505\" src=\"https:\/\/lejardinexotique.fr\/wp-content\/uploads\/2022\/06\/Fargesia-nitida-red-panda-1.jpg\" alt=\"\" class=\"wp-image-470\" srcset=\"https:\/\/lejardinexotique.fr\/wp-content\/uploads\/2022\/06\/Fargesia-nitida-red-panda-1.jpg 522w, https:\/\/lejardinexotique.fr\/wp-content\/uploads\/2022\/06\/Fargesia-nitida-red-panda-1-300x290.jpg 300w\" sizes=\"auto, (max-width: 522px) 100vw, 522px\" \/><\/figure>\n<\/div>\n\n\n\n<div class=\"wp-block-column is-layout-flow wp-block-column-is-layout-flow\">\n<h3 class=\"wp-block-heading\">Fargesia nitida red panda<\/h3>\n\n\n\n<p>Le genre Fargesia est originaire des r\u00e9gions du sud et du sud-ouest de la Chine au-dessus de 1000m d&rsquo;altitude. Jiuzhaigou est l&rsquo;une des esp\u00e8ces cultiv\u00e9es. &lsquo; Red Panda&rsquo; (R) est une vari\u00e9t\u00e9 horticole prot\u00e9g\u00e9e. Cette vari\u00e9t\u00e9 de petit bambou non tra\u00e7ant (cespiteux) atteint 2 m de hauteur pour une largeur de 2 m. Feuillage vert, l\u00e9ger, a\u00e9rien. Port \u00e9rig\u00e9 au caract\u00e8re tr\u00e8s graphique. Chaume d&rsquo;abord vert, puis orang\u00e9, virant au rouge durant l&rsquo;\u00e9t\u00e9. Pousse dans un sol fertile, frais de pr\u00e9f\u00e9rence. Exposition \u00e0 mi- ombre ou au soleil. Tr\u00e8s rustique, jusqu&rsquo;\u00e0 &#8211; 24\u00b0C. On le plante en touffe isol\u00e9e, en haie. Convient en pot.<\/p>\n<\/div>\n<\/div>\n","protected":false},"excerpt":{"rendered":"<p>Nous nous sommes rendus \u00e0 la bambouseraie de Anduze , et nous avons appris \u00e9norm\u00e9ment de choses \u00e0 leur sujet . Le bambou est une herbe et oui une herbe !! Les&nbsp;bambous&nbsp;sont des&nbsp;plantes&nbsp;monocotyl\u00e9dones&nbsp;appartenant \u00e0 la&nbsp;famille&nbsp;des&nbsp;Poaceae&nbsp;(gramin\u00e9es),&nbsp;sous-famille&nbsp;des&nbsp;Bambusoideae. Ils se distinguent des autres gramin\u00e9es par leur port arborescent et leurs&nbsp;tiges&nbsp;ligneuses&nbsp;souvent de grande longueur, et sont r\u00e9partis dans la [&hellip;]<\/p>\n","protected":false},"author":1,"featured_media":0,"parent":0,"menu_order":0,"comment_status":"closed","ping_status":"closed","template":"","meta":{"_monsterinsights_skip_tracking":false,"_monsterinsights_sitenote_active":false,"_monsterinsights_sitenote_note":"","_monsterinsights_sitenote_category":0,"footnotes":""},"class_list":["post-448","page","type-page","status-publish","hentry"],"yoast_head":"<!-- This site is optimized with the Yoast SEO plugin v27.5 - https:\/\/yoast.com\/product\/yoast-seo-wordpress\/ -->\n<title>Les bambous - Le jardin exotique<\/title>\n<meta name=\"description\" content=\"Les bambous. 2022 sera l&#039;ann\u00e9e de d\u00e9part de notre collection de bambou . Les bambous sont des herbes qui ont une vie \u00e9tonnante .\" \/>\n<meta name=\"robots\" content=\"index, follow, max-snippet:-1, max-image-preview:large, max-video-preview:-1\" \/>\n<link rel=\"canonical\" href=\"https:\/\/lejardinexotique.fr\/index.php\/les-bambous\/\" \/>\n<meta property=\"og:locale\" content=\"fr_FR\" \/>\n<meta property=\"og:type\" content=\"article\" \/>\n<meta property=\"og:title\" content=\"Les bambous - Le jardin exotique\" \/>\n<meta property=\"og:description\" content=\"Les bambous. 2022 sera l&#039;ann\u00e9e de d\u00e9part de notre collection de bambou . Les bambous sont des herbes qui ont une vie \u00e9tonnante .\" \/>\n<meta property=\"og:url\" content=\"https:\/\/lejardinexotique.fr\/index.php\/les-bambous\/\" \/>\n<meta property=\"og:site_name\" content=\"Le jardin exotique\" \/>\n<meta property=\"article:publisher\" content=\"https:\/\/www.facebook.com\/eric.just.5\" \/>\n<meta property=\"article:modified_time\" content=\"2022-06-18T16:03:23+00:00\" \/>\n<meta property=\"og:image\" content=\"https:\/\/lejardinexotique.fr\/wp-content\/uploads\/2022\/06\/bambounoir.jpg\" \/>\n<meta name=\"twitter:card\" content=\"summary_large_image\" \/>\n<meta name=\"twitter:label1\" content=\"Dur\u00e9e de lecture estim\u00e9e\" \/>\n\t<meta name=\"twitter:data1\" content=\"4 minutes\" \/>\n<script type=\"application\/ld+json\" class=\"yoast-schema-graph\">{\"@context\":\"https:\\\/\\\/schema.org\",\"@graph\":[{\"@type\":\"WebPage\",\"@id\":\"https:\\\/\\\/lejardinexotique.fr\\\/index.php\\\/les-bambous\\\/\",\"url\":\"https:\\\/\\\/lejardinexotique.fr\\\/index.php\\\/les-bambous\\\/\",\"name\":\"Les bambous - Le jardin exotique\",\"isPartOf\":{\"@id\":\"https:\\\/\\\/lejardinexotique.fr\\\/#website\"},\"primaryImageOfPage\":{\"@id\":\"https:\\\/\\\/lejardinexotique.fr\\\/index.php\\\/les-bambous\\\/#primaryimage\"},\"image\":{\"@id\":\"https:\\\/\\\/lejardinexotique.fr\\\/index.php\\\/les-bambous\\\/#primaryimage\"},\"thumbnailUrl\":\"https:\\\/\\\/lejardinexotique.fr\\\/wp-content\\\/uploads\\\/2022\\\/06\\\/bambounoir.jpg\",\"datePublished\":\"2022-06-18T14:24:10+00:00\",\"dateModified\":\"2022-06-18T16:03:23+00:00\",\"description\":\"Les bambous. 2022 sera l'ann\u00e9e de d\u00e9part de notre collection de bambou . Les bambous sont des herbes qui ont une vie \u00e9tonnante .\",\"breadcrumb\":{\"@id\":\"https:\\\/\\\/lejardinexotique.fr\\\/index.php\\\/les-bambous\\\/#breadcrumb\"},\"inLanguage\":\"fr-FR\",\"potentialAction\":[{\"@type\":\"ReadAction\",\"target\":[\"https:\\\/\\\/lejardinexotique.fr\\\/index.php\\\/les-bambous\\\/\"]}]},{\"@type\":\"ImageObject\",\"inLanguage\":\"fr-FR\",\"@id\":\"https:\\\/\\\/lejardinexotique.fr\\\/index.php\\\/les-bambous\\\/#primaryimage\",\"url\":\"https:\\\/\\\/lejardinexotique.fr\\\/wp-content\\\/uploads\\\/2022\\\/06\\\/bambounoir.jpg\",\"contentUrl\":\"https:\\\/\\\/lejardinexotique.fr\\\/wp-content\\\/uploads\\\/2022\\\/06\\\/bambounoir.jpg\",\"width\":400,\"height\":533},{\"@type\":\"BreadcrumbList\",\"@id\":\"https:\\\/\\\/lejardinexotique.fr\\\/index.php\\\/les-bambous\\\/#breadcrumb\",\"itemListElement\":[{\"@type\":\"ListItem\",\"position\":1,\"name\":\"Accueil\",\"item\":\"https:\\\/\\\/lejardinexotique.fr\\\/\"},{\"@type\":\"ListItem\",\"position\":2,\"name\":\"Les bambous\"}]},{\"@type\":\"WebSite\",\"@id\":\"https:\\\/\\\/lejardinexotique.fr\\\/#website\",\"url\":\"https:\\\/\\\/lejardinexotique.fr\\\/\",\"name\":\"Le jardin exotique\",\"description\":\"Le jardin du Sud Gresivaudan\",\"publisher\":{\"@id\":\"https:\\\/\\\/lejardinexotique.fr\\\/#organization\"},\"potentialAction\":[{\"@type\":\"SearchAction\",\"target\":{\"@type\":\"EntryPoint\",\"urlTemplate\":\"https:\\\/\\\/lejardinexotique.fr\\\/?s={search_term_string}\"},\"query-input\":{\"@type\":\"PropertyValueSpecification\",\"valueRequired\":true,\"valueName\":\"search_term_string\"}}],\"inLanguage\":\"fr-FR\"},{\"@type\":\"Organization\",\"@id\":\"https:\\\/\\\/lejardinexotique.fr\\\/#organization\",\"name\":\"Le jardin exotique\",\"url\":\"https:\\\/\\\/lejardinexotique.fr\\\/\",\"logo\":{\"@type\":\"ImageObject\",\"inLanguage\":\"fr-FR\",\"@id\":\"https:\\\/\\\/lejardinexotique.fr\\\/#\\\/schema\\\/logo\\\/image\\\/\",\"url\":\"https:\\\/\\\/lejardinexotique.fr\\\/wp-content\\\/uploads\\\/2022\\\/01\\\/vue-jardin-les-singes-384x512-2.jpg\",\"contentUrl\":\"https:\\\/\\\/lejardinexotique.fr\\\/wp-content\\\/uploads\\\/2022\\\/01\\\/vue-jardin-les-singes-384x512-2.jpg\",\"width\":800,\"height\":1500,\"caption\":\"Le jardin exotique\"},\"image\":{\"@id\":\"https:\\\/\\\/lejardinexotique.fr\\\/#\\\/schema\\\/logo\\\/image\\\/\"},\"sameAs\":[\"https:\\\/\\\/www.facebook.com\\\/eric.just.5\"]}]}<\/script>\n<!-- \/ Yoast SEO plugin. -->","yoast_head_json":{"title":"Les bambous - Le jardin exotique","description":"Les bambous. 2022 sera l'ann\u00e9e de d\u00e9part de notre collection de bambou . Les bambous sont des herbes qui ont une vie \u00e9tonnante .","robots":{"index":"index","follow":"follow","max-snippet":"max-snippet:-1","max-image-preview":"max-image-preview:large","max-video-preview":"max-video-preview:-1"},"canonical":"https:\/\/lejardinexotique.fr\/index.php\/les-bambous\/","og_locale":"fr_FR","og_type":"article","og_title":"Les bambous - Le jardin exotique","og_description":"Les bambous. 2022 sera l'ann\u00e9e de d\u00e9part de notre collection de bambou . Les bambous sont des herbes qui ont une vie \u00e9tonnante .","og_url":"https:\/\/lejardinexotique.fr\/index.php\/les-bambous\/","og_site_name":"Le jardin exotique","article_publisher":"https:\/\/www.facebook.com\/eric.just.5","article_modified_time":"2022-06-18T16:03:23+00:00","og_image":[{"url":"https:\/\/lejardinexotique.fr\/wp-content\/uploads\/2022\/06\/bambounoir.jpg","type":"","width":"","height":""}],"twitter_card":"summary_large_image","twitter_misc":{"Dur\u00e9e de lecture estim\u00e9e":"4 minutes"},"schema":{"@context":"https:\/\/schema.org","@graph":[{"@type":"WebPage","@id":"https:\/\/lejardinexotique.fr\/index.php\/les-bambous\/","url":"https:\/\/lejardinexotique.fr\/index.php\/les-bambous\/","name":"Les bambous - Le jardin exotique","isPartOf":{"@id":"https:\/\/lejardinexotique.fr\/#website"},"primaryImageOfPage":{"@id":"https:\/\/lejardinexotique.fr\/index.php\/les-bambous\/#primaryimage"},"image":{"@id":"https:\/\/lejardinexotique.fr\/index.php\/les-bambous\/#primaryimage"},"thumbnailUrl":"https:\/\/lejardinexotique.fr\/wp-content\/uploads\/2022\/06\/bambounoir.jpg","datePublished":"2022-06-18T14:24:10+00:00","dateModified":"2022-06-18T16:03:23+00:00","description":"Les bambous. 2022 sera l'ann\u00e9e de d\u00e9part de notre collection de bambou . Les bambous sont des herbes qui ont une vie \u00e9tonnante .","breadcrumb":{"@id":"https:\/\/lejardinexotique.fr\/index.php\/les-bambous\/#breadcrumb"},"inLanguage":"fr-FR","potentialAction":[{"@type":"ReadAction","target":["https:\/\/lejardinexotique.fr\/index.php\/les-bambous\/"]}]},{"@type":"ImageObject","inLanguage":"fr-FR","@id":"https:\/\/lejardinexotique.fr\/index.php\/les-bambous\/#primaryimage","url":"https:\/\/lejardinexotique.fr\/wp-content\/uploads\/2022\/06\/bambounoir.jpg","contentUrl":"https:\/\/lejardinexotique.fr\/wp-content\/uploads\/2022\/06\/bambounoir.jpg","width":400,"height":533},{"@type":"BreadcrumbList","@id":"https:\/\/lejardinexotique.fr\/index.php\/les-bambous\/#breadcrumb","itemListElement":[{"@type":"ListItem","position":1,"name":"Accueil","item":"https:\/\/lejardinexotique.fr\/"},{"@type":"ListItem","position":2,"name":"Les bambous"}]},{"@type":"WebSite","@id":"https:\/\/lejardinexotique.fr\/#website","url":"https:\/\/lejardinexotique.fr\/","name":"Le jardin exotique","description":"Le jardin du Sud Gresivaudan","publisher":{"@id":"https:\/\/lejardinexotique.fr\/#organization"},"potentialAction":[{"@type":"SearchAction","target":{"@type":"EntryPoint","urlTemplate":"https:\/\/lejardinexotique.fr\/?s={search_term_string}"},"query-input":{"@type":"PropertyValueSpecification","valueRequired":true,"valueName":"search_term_string"}}],"inLanguage":"fr-FR"},{"@type":"Organization","@id":"https:\/\/lejardinexotique.fr\/#organization","name":"Le jardin exotique","url":"https:\/\/lejardinexotique.fr\/","logo":{"@type":"ImageObject","inLanguage":"fr-FR","@id":"https:\/\/lejardinexotique.fr\/#\/schema\/logo\/image\/","url":"https:\/\/lejardinexotique.fr\/wp-content\/uploads\/2022\/01\/vue-jardin-les-singes-384x512-2.jpg","contentUrl":"https:\/\/lejardinexotique.fr\/wp-content\/uploads\/2022\/01\/vue-jardin-les-singes-384x512-2.jpg","width":800,"height":1500,"caption":"Le jardin exotique"},"image":{"@id":"https:\/\/lejardinexotique.fr\/#\/schema\/logo\/image\/"},"sameAs":["https:\/\/www.facebook.com\/eric.just.5"]}]}},"_links":{"self":[{"href":"https:\/\/lejardinexotique.fr\/index.php\/wp-json\/wp\/v2\/pages\/448","targetHints":{"allow":["GET"]}}],"collection":[{"href":"https:\/\/lejardinexotique.fr\/index.php\/wp-json\/wp\/v2\/pages"}],"about":[{"href":"https:\/\/lejardinexotique.fr\/index.php\/wp-json\/wp\/v2\/types\/page"}],"author":[{"embeddable":true,"href":"https:\/\/lejardinexotique.fr\/index.php\/wp-json\/wp\/v2\/users\/1"}],"replies":[{"embeddable":true,"href":"https:\/\/lejardinexotique.fr\/index.php\/wp-json\/wp\/v2\/comments?post=448"}],"version-history":[{"count":5,"href":"https:\/\/lejardinexotique.fr\/index.php\/wp-json\/wp\/v2\/pages\/448\/revisions"}],"predecessor-version":[{"id":474,"href":"https:\/\/lejardinexotique.fr\/index.php\/wp-json\/wp\/v2\/pages\/448\/revisions\/474"}],"wp:attachment":[{"href":"https:\/\/lejardinexotique.fr\/index.php\/wp-json\/wp\/v2\/media?parent=448"}],"curies":[{"name":"wp","href":"https:\/\/api.w.org\/{rel}","templated":true}]}}