{"id":246,"date":"2022-01-30T19:54:31","date_gmt":"2022-01-30T18:54:31","guid":{"rendered":"https:\/\/lejardinexotique.fr\/?page_id=246"},"modified":"2024-12-27T09:35:09","modified_gmt":"2024-12-27T08:35:09","slug":"le-bananier","status":"publish","type":"page","link":"https:\/\/lejardinexotique.fr\/index.php\/le-bananier\/","title":{"rendered":"Le Bananier"},"content":{"rendered":"\n<p>Le <strong>bananier<\/strong>, <em><strong>Musa<\/strong><\/em>, est un <a href=\"https:\/\/fr.wikipedia.org\/wiki\/Genre_(biologie)\">genre<\/a> de <a href=\"https:\/\/fr.wikipedia.org\/wiki\/Plante\">plantes<\/a> <a href=\"https:\/\/fr.wikipedia.org\/wiki\/Monocotyl%C3%A9done\">monocotyl\u00e9dones<\/a> <a href=\"https:\/\/fr.wikipedia.org\/wiki\/Plante_vivace\">vivaces<\/a> de la <a href=\"https:\/\/fr.wikipedia.org\/wiki\/Famille_(biologie)\">famille<\/a> des <em><a href=\"https:\/\/fr.wikipedia.org\/wiki\/Musaceae\">Musaceae<\/a><\/em> dont les fruits, en g\u00e9n\u00e9ral, sont les <a href=\"https:\/\/fr.wikipedia.org\/wiki\/Banane\">bananes<\/a>.<\/p>\n\n\n\n<p>Le bananier contrairement aux apparences, n&rsquo;est pas un <a href=\"https:\/\/fr.wikipedia.org\/wiki\/Arbre\">arbre<\/a> mais une <a href=\"https:\/\/fr.wikipedia.org\/wiki\/Plante_herbac%C3%A9e\">plante herbac\u00e9e<\/a><sup><a href=\"https:\/\/fr.wikipedia.org\/wiki\/Bananier#cite_note-1\">1<\/a><\/sup>. En effet, il ne poss\u00e8de pas de vrai tronc, mais un <a href=\"https:\/\/fr.wikipedia.org\/wiki\/Stipe_(faux-tronc)\">stipe<\/a>, comme les palmiers&nbsp;: un empilement de gaines foliaires qui s&rsquo;accumulent.<\/p>\n\n\n\n<p>Ce genre comprend environ soixante esp\u00e8ces, toutes tropicales, dont plusieurs sont largement cultiv\u00e9es pour la production de bananes. Certaines esp\u00e8ces ont un int\u00e9r\u00eat ornemental et sont cultiv\u00e9es en serres dans les pays temp\u00e9r\u00e9s.<\/p>\n\n\n\n<p>Le terme \u00ab&nbsp;bananier&nbsp;\u00bb peut aussi \u00eatre utilis\u00e9 pour des esp\u00e8ces n&rsquo;appartenant pas au genre <em>Musa<\/em>. Les esp\u00e8ces du genre <em>Ensete<\/em> comme la fausse \u00ab&nbsp;banane&nbsp;\u00bb (<em>Ensete ventricosum<\/em>) sont aussi regroup\u00e9es sous le terme de \u00ab&nbsp;bananiers&nbsp;\u00bb. Globalement, tous appartiennent \u00e0 la famille des <em>Musaceae<\/em>.<\/p>\n\n\n\n<p><strong>O\u00f9 placer un bananier ?<\/strong><\/p>\n\n\n\n<p><strong>Au niveau de l&rsquo;exposition, privil\u00e9giez un emplacement ensoleill\u00e9. \u00c9vitez toutefois le soleil direct, car il ass\u00e9chera trop rapidement le feuillage de votre bananier. L&rsquo;id\u00e9al est donc de placer votre plante \u00e0 c\u00f4t\u00e9 d&rsquo;une fen\u00eatre orient\u00e9e \u00e0 l&rsquo;ouest.<\/strong><\/p>\n\n\n\n<p><strong>Le bananier a besoin de beaucoup d&rsquo;humidit\u00e9 et de chaleur. Une exposition ensoleill\u00e9e est requise, \u00e0 <em>l&rsquo;abri du vent qui peut ab\u00eemer ses feuilles. Sa terre devra \u00eatre riche, compos\u00e9e d&rsquo;un m\u00e9lange de terre de jardin, de tourbe et de fumier.<\/em><\/strong><\/p>\n\n\n\n<hr class=\"wp-block-separator has-alpha-channel-opacity\"\/>\n\n\n\n<div class=\"wp-block-columns is-layout-flex wp-container-core-columns-is-layout-9d6595d7 wp-block-columns-is-layout-flex\">\n<div class=\"wp-block-column is-layout-flow wp-block-column-is-layout-flow\">\n<figure class=\"wp-block-image size-full\"><img loading=\"lazy\" decoding=\"async\" width=\"300\" height=\"400\" src=\"https:\/\/lejardinexotique.fr\/wp-content\/uploads\/2022\/01\/basjoo300x400jpg.jpg\" alt=\"Basjoo\" class=\"wp-image-55\" srcset=\"https:\/\/lejardinexotique.fr\/wp-content\/uploads\/2022\/01\/basjoo300x400jpg.jpg 300w, https:\/\/lejardinexotique.fr\/wp-content\/uploads\/2022\/01\/basjoo300x400jpg-225x300.jpg 225w\" sizes=\"auto, (max-width: 300px) 100vw, 300px\" \/><figcaption class=\"wp-element-caption\"> <\/figcaption><\/figure>\n<\/div>\n\n\n\n<div class=\"wp-block-column is-layout-flow wp-block-column-is-layout-flow\">\n<h2 class=\"wp-block-heading\" id=\"bananiers-basjoo\">Bananiers basjoo<\/h2>\n\n\n\n<p><em style=\"\"><b>Un bananier venant du pays du soleil levant Musa basjoo ou Musa japonica fait partie de la famille des Musac\u00e9es qui compte une quarantaine d&rsquo;esp\u00e8ces de plantes vivaces drageonn\u00e2tes. Il est originaire des bois clairs et des lisi\u00e8res de for\u00eats japonaises. Vous pouvez  le planter sans <\/b><\/em><strong><em>probl\u00e8me chez nous  ,  il repartira au printemps. En effet il n&rsquo;a pas besoin d&rsquo;etre prot\u00e9g\u00e9 l&rsquo;hiver  car il supporte des temperatures de &#8211; 12 degres<\/em><\/strong><\/p>\n<\/div>\n<\/div>\n\n\n\n<hr class=\"wp-block-separator has-alpha-channel-opacity\"\/>\n\n\n\n<div class=\"wp-block-columns is-layout-flex wp-container-core-columns-is-layout-9d6595d7 wp-block-columns-is-layout-flex\">\n<div class=\"wp-block-column is-layout-flow wp-block-column-is-layout-flow\">\n<figure class=\"wp-block-image size-full is-resized\"><img loading=\"lazy\" decoding=\"async\" width=\"2048\" height=\"1532\" src=\"https:\/\/lejardinexotique.fr\/wp-content\/uploads\/2024\/12\/bannanier-sikkimensis-gea-nt.jpeg\" alt=\"\" class=\"wp-image-633\" style=\"width:361px;height:auto\" srcset=\"https:\/\/lejardinexotique.fr\/wp-content\/uploads\/2024\/12\/bannanier-sikkimensis-gea-nt.jpeg 2048w, https:\/\/lejardinexotique.fr\/wp-content\/uploads\/2024\/12\/bannanier-sikkimensis-gea-nt-300x224.jpeg 300w, https:\/\/lejardinexotique.fr\/wp-content\/uploads\/2024\/12\/bannanier-sikkimensis-gea-nt-1024x766.jpeg 1024w, https:\/\/lejardinexotique.fr\/wp-content\/uploads\/2024\/12\/bannanier-sikkimensis-gea-nt-768x575.jpeg 768w, https:\/\/lejardinexotique.fr\/wp-content\/uploads\/2024\/12\/bannanier-sikkimensis-gea-nt-1536x1149.jpeg 1536w\" sizes=\"auto, (max-width: 2048px) 100vw, 2048px\" \/><\/figure>\n<\/div>\n\n\n\n<div class=\"wp-block-column is-layout-flow wp-block-column-is-layout-flow\">\n<h2 class=\"wp-block-heading\" id=\"bananier-musa-lasocarpia\">Bananier  sikkimensis geant<\/h2>\n\n\n\n<p> .<br>Plante d&rsquo;ornement pour jardin temp\u00e9r\u00e9 et tropical.<br>Parfaite r\u00e9sistance au froid et au gel.<br>Croissance tr\u00e8s rapide dans un sol riche et abondamment irrigu\u00e9. Fruit non comestible.<br>Inflorescences terminales, en grappes tombantes \u00e0 l&rsquo;aisselle de larges bract\u00e9es roses.<br>Jeunes feuilles et nervures pourpres, puis tachet\u00e9es d&rsquo;un merveilleux rouge fonc\u00e9<\/p>\n<\/div>\n<\/div>\n\n\n\n<hr class=\"wp-block-separator has-alpha-channel-opacity\"\/>\n\n\n\n<div class=\"wp-block-columns is-layout-flex wp-container-core-columns-is-layout-9d6595d7 wp-block-columns-is-layout-flex\">\n<div class=\"wp-block-column is-layout-flow wp-block-column-is-layout-flow\">\n<figure class=\"wp-block-image size-full is-resized\"><img loading=\"lazy\" decoding=\"async\" width=\"2048\" height=\"1532\" src=\"https:\/\/lejardinexotique.fr\/wp-content\/uploads\/2024\/12\/bananier-sikkimensis-ever-red.jpeg\" alt=\"\" class=\"wp-image-632\" style=\"width:323px;height:auto\" srcset=\"https:\/\/lejardinexotique.fr\/wp-content\/uploads\/2024\/12\/bananier-sikkimensis-ever-red.jpeg 2048w, https:\/\/lejardinexotique.fr\/wp-content\/uploads\/2024\/12\/bananier-sikkimensis-ever-red-300x224.jpeg 300w, https:\/\/lejardinexotique.fr\/wp-content\/uploads\/2024\/12\/bananier-sikkimensis-ever-red-1024x766.jpeg 1024w, https:\/\/lejardinexotique.fr\/wp-content\/uploads\/2024\/12\/bananier-sikkimensis-ever-red-768x575.jpeg 768w, https:\/\/lejardinexotique.fr\/wp-content\/uploads\/2024\/12\/bananier-sikkimensis-ever-red-1536x1149.jpeg 1536w\" sizes=\"auto, (max-width: 2048px) 100vw, 2048px\" \/><\/figure>\n<\/div>\n\n\n\n<div class=\"wp-block-column is-layout-flow wp-block-column-is-layout-flow\">\n<h2 class=\"wp-block-heading\" id=\"bananier-thai-black\">Bananier sikkimensis ever red<\/h2>\n\n\n\n<p>Originaire du Sikkim, un ancien royaume situ\u00e9 au c\u0153ur de l&rsquo;Himalaya, au nord de l&rsquo;Inde, Musa sikkimensis est rustique jusque -10\u00b0 \u00e0 -12\u00b0C.&nbsp;La vari\u00e9t\u00e9 &lsquo;Red Tiger se caract\u00e9rise par&nbsp;de longues feuilles caduques, vertes ray\u00e9es de pourpre. Il&nbsp;peut se planter presque partout en France \u00e0 condition de prendre quelques pr\u00e9cautions.&nbsp;<\/p>\n\n\n\n<p><\/p>\n<\/div>\n<\/div>\n\n\n\n<hr class=\"wp-block-separator has-alpha-channel-opacity\"\/>\n\n\n\n<div class=\"wp-block-columns is-layout-flex wp-container-core-columns-is-layout-9d6595d7 wp-block-columns-is-layout-flex\">\n<div class=\"wp-block-column is-layout-flow wp-block-column-is-layout-flow\">\n<figure class=\"wp-block-image size-full is-resized\"><img loading=\"lazy\" decoding=\"async\" width=\"2048\" height=\"1532\" src=\"https:\/\/lejardinexotique.fr\/wp-content\/uploads\/2024\/12\/bannanier-red-tigger.jpeg\" alt=\"\" class=\"wp-image-635\" style=\"width:327px;height:auto\" srcset=\"https:\/\/lejardinexotique.fr\/wp-content\/uploads\/2024\/12\/bannanier-red-tigger.jpeg 2048w, https:\/\/lejardinexotique.fr\/wp-content\/uploads\/2024\/12\/bannanier-red-tigger-300x224.jpeg 300w, https:\/\/lejardinexotique.fr\/wp-content\/uploads\/2024\/12\/bannanier-red-tigger-1024x766.jpeg 1024w, https:\/\/lejardinexotique.fr\/wp-content\/uploads\/2024\/12\/bannanier-red-tigger-768x575.jpeg 768w, https:\/\/lejardinexotique.fr\/wp-content\/uploads\/2024\/12\/bannanier-red-tigger-1536x1149.jpeg 1536w\" sizes=\"auto, (max-width: 2048px) 100vw, 2048px\" \/><\/figure>\n<\/div>\n\n\n\n<div class=\"wp-block-column is-layout-flow wp-block-column-is-layout-flow\">\n<h2 class=\"wp-block-heading\" id=\"bananier-mangasu\">Bananier red  tigger<\/h2>\n\n\n\n<p>les<em>&nbsp;bananiers&nbsp;peuvent atteindre sept m\u00e8tres de haut ( mais ils ne poss\u00e8dent pas de vrai tronc. Leur tige souterraine ressemble \u00e0 un gros bulbe\u00e0 partir duquel naissent les feuilles. On observe un simple d\u00e9veloppement en hauteur de la base massive des p\u00e9tioles des grandes feuilles<\/em><\/p>\n\n\n\n<p><\/p>\n<\/div>\n<\/div>\n\n\n\n<hr class=\"wp-block-separator has-alpha-channel-opacity\"\/>\n\n\n\n<div class=\"wp-block-columns is-layout-flex wp-container-core-columns-is-layout-9d6595d7 wp-block-columns-is-layout-flex\">\n<div class=\"wp-block-column is-layout-flow wp-block-column-is-layout-flow\" style=\"flex-basis:33.33%\"><div class=\"wp-block-image\">\n<figure class=\"aligncenter size-full\"><img loading=\"lazy\" decoding=\"async\" width=\"2048\" height=\"1536\" src=\"https:\/\/lejardinexotique.fr\/wp-content\/uploads\/2024\/12\/maurelli-1.jpeg\" alt=\"\" class=\"wp-image-645\" srcset=\"https:\/\/lejardinexotique.fr\/wp-content\/uploads\/2024\/12\/maurelli-1.jpeg 2048w, https:\/\/lejardinexotique.fr\/wp-content\/uploads\/2024\/12\/maurelli-1-300x225.jpeg 300w, https:\/\/lejardinexotique.fr\/wp-content\/uploads\/2024\/12\/maurelli-1-1024x768.jpeg 1024w, https:\/\/lejardinexotique.fr\/wp-content\/uploads\/2024\/12\/maurelli-1-768x576.jpeg 768w, https:\/\/lejardinexotique.fr\/wp-content\/uploads\/2024\/12\/maurelli-1-1536x1152.jpeg 1536w\" sizes=\"auto, (max-width: 2048px) 100vw, 2048px\" \/><\/figure>\n<\/div><\/div>\n\n\n\n<div class=\"wp-block-column is-layout-flow wp-block-column-is-layout-flow\"><\/div>\n\n\n\n<div class=\"wp-block-column is-layout-flow wp-block-column-is-layout-flow\"><\/div>\n\n\n\n<div class=\"wp-block-column is-layout-flow wp-block-column-is-layout-flow\"><\/div>\n\n\n\n<div class=\"wp-block-column is-layout-flow wp-block-column-is-layout-flow\"><\/div>\n\n\n\n<div class=\"wp-block-column is-layout-flow wp-block-column-is-layout-flow\"><\/div>\n\n\n\n<div class=\"wp-block-column is-layout-flow wp-block-column-is-layout-flow\"><\/div>\n\n\n\n<div class=\"wp-block-column is-layout-flow wp-block-column-is-layout-flow\">\n<hr class=\"wp-block-separator has-alpha-channel-opacity\"\/>\n<\/div>\n\n\n\n<div class=\"wp-block-column is-layout-flow wp-block-column-is-layout-flow\" style=\"flex-basis:66.66%\">\n<h2 class=\"wp-block-heading\">                      <strong>Bananier Maurelli<\/strong><\/h2>\n\n\n\n<p class=\"has-text-align-left\">     une vari\u00e9t\u00e9 de bananier aux larges feuilles pourpr\u00e9es, tr\u00e8s d\u00e9coratives, parfaite pour cr\u00e9er une ambiance  tropicale dans votre jardin, si vous pouvez la tenir \u00e0 l\u2019\u00e9cart du gel durant l\u2019hiver. La stipe est courte , les  feuilles  sont persistantes (1&nbsp;m de long), vert carmin\u00e9, au revers et \u00e0 la nervure centrale pourpres, de forme oblongue, au sommet du stipe. Les fleurs  sont grosses fleurs enserr\u00e9es dans des bract\u00e9es rouges au bout de plusieurs ann\u00e9es, dans de bonnes conditions de culture. Elles annoncent la mort de la plante.<br><\/p>\n<\/div>\n<\/div>\n\n\n\n<p><\/p>\n","protected":false},"excerpt":{"rendered":"<p>Le bananier, Musa, est un genre de plantes monocotyl\u00e9dones vivaces de la famille des Musaceae dont les fruits, en g\u00e9n\u00e9ral, sont les bananes. Le bananier contrairement aux apparences, n&rsquo;est pas un arbre mais une plante herbac\u00e9e1. En effet, il ne poss\u00e8de pas de vrai tronc, mais un stipe, comme les palmiers&nbsp;: un empilement de gaines [&hellip;]<\/p>\n","protected":false},"author":1,"featured_media":0,"parent":0,"menu_order":0,"comment_status":"closed","ping_status":"closed","template":"","meta":{"_monsterinsights_skip_tracking":false,"_monsterinsights_sitenote_active":false,"_monsterinsights_sitenote_note":"","_monsterinsights_sitenote_category":0,"footnotes":""},"class_list":["post-246","page","type-page","status-publish","hentry"],"yoast_head":"<!-- This site is optimized with the Yoast SEO plugin v27.5 - https:\/\/yoast.com\/product\/yoast-seo-wordpress\/ -->\n<title>Le Bananier - Le jardin exotique<\/title>\n<meta name=\"description\" content=\"le bananier. Le jardin exotique regroupe des bananiers qui s&#039;acclimate tr\u00e8s bien chez nous .N&#039;H\u00e9sitez pas a nous contacter pour en parler\" \/>\n<meta name=\"robots\" content=\"index, follow, max-snippet:-1, max-image-preview:large, max-video-preview:-1\" \/>\n<link rel=\"canonical\" href=\"https:\/\/lejardinexotique.fr\/index.php\/le-bananier\/\" \/>\n<meta property=\"og:locale\" content=\"fr_FR\" \/>\n<meta property=\"og:type\" content=\"article\" \/>\n<meta property=\"og:title\" content=\"Le Bananier - Le jardin exotique\" \/>\n<meta property=\"og:description\" content=\"le bananier. Le jardin exotique regroupe des bananiers qui s&#039;acclimate tr\u00e8s bien chez nous .N&#039;H\u00e9sitez pas a nous contacter pour en parler\" \/>\n<meta property=\"og:url\" content=\"https:\/\/lejardinexotique.fr\/index.php\/le-bananier\/\" \/>\n<meta property=\"og:site_name\" content=\"Le jardin exotique\" \/>\n<meta property=\"article:publisher\" content=\"https:\/\/www.facebook.com\/eric.just.5\" \/>\n<meta property=\"article:modified_time\" content=\"2024-12-27T08:35:09+00:00\" \/>\n<meta property=\"og:image\" content=\"https:\/\/lejardinexotique.fr\/wp-content\/uploads\/2022\/01\/basjoo300x400jpg.jpg\" \/>\n\t<meta property=\"og:image:width\" content=\"300\" \/>\n\t<meta property=\"og:image:height\" content=\"400\" \/>\n\t<meta property=\"og:image:type\" content=\"image\/jpeg\" \/>\n<meta name=\"twitter:card\" content=\"summary_large_image\" \/>\n<meta name=\"twitter:label1\" content=\"Dur\u00e9e de lecture estim\u00e9e\" \/>\n\t<meta name=\"twitter:data1\" content=\"4 minutes\" \/>\n<script type=\"application\/ld+json\" class=\"yoast-schema-graph\">{\"@context\":\"https:\\\/\\\/schema.org\",\"@graph\":[{\"@type\":\"WebPage\",\"@id\":\"https:\\\/\\\/lejardinexotique.fr\\\/index.php\\\/le-bananier\\\/\",\"url\":\"https:\\\/\\\/lejardinexotique.fr\\\/index.php\\\/le-bananier\\\/\",\"name\":\"Le Bananier - Le jardin exotique\",\"isPartOf\":{\"@id\":\"https:\\\/\\\/lejardinexotique.fr\\\/#website\"},\"primaryImageOfPage\":{\"@id\":\"https:\\\/\\\/lejardinexotique.fr\\\/index.php\\\/le-bananier\\\/#primaryimage\"},\"image\":{\"@id\":\"https:\\\/\\\/lejardinexotique.fr\\\/index.php\\\/le-bananier\\\/#primaryimage\"},\"thumbnailUrl\":\"https:\\\/\\\/lejardinexotique.fr\\\/wp-content\\\/uploads\\\/2022\\\/01\\\/basjoo300x400jpg.jpg\",\"datePublished\":\"2022-01-30T18:54:31+00:00\",\"dateModified\":\"2024-12-27T08:35:09+00:00\",\"description\":\"le bananier. Le jardin exotique regroupe des bananiers qui s'acclimate tr\u00e8s bien chez nous .N'H\u00e9sitez pas a nous contacter pour en parler\",\"breadcrumb\":{\"@id\":\"https:\\\/\\\/lejardinexotique.fr\\\/index.php\\\/le-bananier\\\/#breadcrumb\"},\"inLanguage\":\"fr-FR\",\"potentialAction\":[{\"@type\":\"ReadAction\",\"target\":[\"https:\\\/\\\/lejardinexotique.fr\\\/index.php\\\/le-bananier\\\/\"]}]},{\"@type\":\"ImageObject\",\"inLanguage\":\"fr-FR\",\"@id\":\"https:\\\/\\\/lejardinexotique.fr\\\/index.php\\\/le-bananier\\\/#primaryimage\",\"url\":\"https:\\\/\\\/lejardinexotique.fr\\\/wp-content\\\/uploads\\\/2022\\\/01\\\/basjoo300x400jpg.jpg\",\"contentUrl\":\"https:\\\/\\\/lejardinexotique.fr\\\/wp-content\\\/uploads\\\/2022\\\/01\\\/basjoo300x400jpg.jpg\",\"width\":300,\"height\":400,\"caption\":\"Basjoo\"},{\"@type\":\"BreadcrumbList\",\"@id\":\"https:\\\/\\\/lejardinexotique.fr\\\/index.php\\\/le-bananier\\\/#breadcrumb\",\"itemListElement\":[{\"@type\":\"ListItem\",\"position\":1,\"name\":\"Accueil\",\"item\":\"https:\\\/\\\/lejardinexotique.fr\\\/\"},{\"@type\":\"ListItem\",\"position\":2,\"name\":\"Le Bananier\"}]},{\"@type\":\"WebSite\",\"@id\":\"https:\\\/\\\/lejardinexotique.fr\\\/#website\",\"url\":\"https:\\\/\\\/lejardinexotique.fr\\\/\",\"name\":\"Le jardin exotique\",\"description\":\"Le jardin du Sud Gresivaudan\",\"publisher\":{\"@id\":\"https:\\\/\\\/lejardinexotique.fr\\\/#organization\"},\"potentialAction\":[{\"@type\":\"SearchAction\",\"target\":{\"@type\":\"EntryPoint\",\"urlTemplate\":\"https:\\\/\\\/lejardinexotique.fr\\\/?s={search_term_string}\"},\"query-input\":{\"@type\":\"PropertyValueSpecification\",\"valueRequired\":true,\"valueName\":\"search_term_string\"}}],\"inLanguage\":\"fr-FR\"},{\"@type\":\"Organization\",\"@id\":\"https:\\\/\\\/lejardinexotique.fr\\\/#organization\",\"name\":\"Le jardin exotique\",\"url\":\"https:\\\/\\\/lejardinexotique.fr\\\/\",\"logo\":{\"@type\":\"ImageObject\",\"inLanguage\":\"fr-FR\",\"@id\":\"https:\\\/\\\/lejardinexotique.fr\\\/#\\\/schema\\\/logo\\\/image\\\/\",\"url\":\"https:\\\/\\\/lejardinexotique.fr\\\/wp-content\\\/uploads\\\/2022\\\/01\\\/vue-jardin-les-singes-384x512-2.jpg\",\"contentUrl\":\"https:\\\/\\\/lejardinexotique.fr\\\/wp-content\\\/uploads\\\/2022\\\/01\\\/vue-jardin-les-singes-384x512-2.jpg\",\"width\":800,\"height\":1500,\"caption\":\"Le jardin exotique\"},\"image\":{\"@id\":\"https:\\\/\\\/lejardinexotique.fr\\\/#\\\/schema\\\/logo\\\/image\\\/\"},\"sameAs\":[\"https:\\\/\\\/www.facebook.com\\\/eric.just.5\"]}]}<\/script>\n<!-- \/ Yoast SEO plugin. -->","yoast_head_json":{"title":"Le Bananier - Le jardin exotique","description":"le bananier. Le jardin exotique regroupe des bananiers qui s'acclimate tr\u00e8s bien chez nous .N'H\u00e9sitez pas a nous contacter pour en parler","robots":{"index":"index","follow":"follow","max-snippet":"max-snippet:-1","max-image-preview":"max-image-preview:large","max-video-preview":"max-video-preview:-1"},"canonical":"https:\/\/lejardinexotique.fr\/index.php\/le-bananier\/","og_locale":"fr_FR","og_type":"article","og_title":"Le Bananier - Le jardin exotique","og_description":"le bananier. Le jardin exotique regroupe des bananiers qui s'acclimate tr\u00e8s bien chez nous .N'H\u00e9sitez pas a nous contacter pour en parler","og_url":"https:\/\/lejardinexotique.fr\/index.php\/le-bananier\/","og_site_name":"Le jardin exotique","article_publisher":"https:\/\/www.facebook.com\/eric.just.5","article_modified_time":"2024-12-27T08:35:09+00:00","og_image":[{"width":300,"height":400,"url":"https:\/\/lejardinexotique.fr\/wp-content\/uploads\/2022\/01\/basjoo300x400jpg.jpg","type":"image\/jpeg"}],"twitter_card":"summary_large_image","twitter_misc":{"Dur\u00e9e de lecture estim\u00e9e":"4 minutes"},"schema":{"@context":"https:\/\/schema.org","@graph":[{"@type":"WebPage","@id":"https:\/\/lejardinexotique.fr\/index.php\/le-bananier\/","url":"https:\/\/lejardinexotique.fr\/index.php\/le-bananier\/","name":"Le Bananier - Le jardin exotique","isPartOf":{"@id":"https:\/\/lejardinexotique.fr\/#website"},"primaryImageOfPage":{"@id":"https:\/\/lejardinexotique.fr\/index.php\/le-bananier\/#primaryimage"},"image":{"@id":"https:\/\/lejardinexotique.fr\/index.php\/le-bananier\/#primaryimage"},"thumbnailUrl":"https:\/\/lejardinexotique.fr\/wp-content\/uploads\/2022\/01\/basjoo300x400jpg.jpg","datePublished":"2022-01-30T18:54:31+00:00","dateModified":"2024-12-27T08:35:09+00:00","description":"le bananier. Le jardin exotique regroupe des bananiers qui s'acclimate tr\u00e8s bien chez nous .N'H\u00e9sitez pas a nous contacter pour en parler","breadcrumb":{"@id":"https:\/\/lejardinexotique.fr\/index.php\/le-bananier\/#breadcrumb"},"inLanguage":"fr-FR","potentialAction":[{"@type":"ReadAction","target":["https:\/\/lejardinexotique.fr\/index.php\/le-bananier\/"]}]},{"@type":"ImageObject","inLanguage":"fr-FR","@id":"https:\/\/lejardinexotique.fr\/index.php\/le-bananier\/#primaryimage","url":"https:\/\/lejardinexotique.fr\/wp-content\/uploads\/2022\/01\/basjoo300x400jpg.jpg","contentUrl":"https:\/\/lejardinexotique.fr\/wp-content\/uploads\/2022\/01\/basjoo300x400jpg.jpg","width":300,"height":400,"caption":"Basjoo"},{"@type":"BreadcrumbList","@id":"https:\/\/lejardinexotique.fr\/index.php\/le-bananier\/#breadcrumb","itemListElement":[{"@type":"ListItem","position":1,"name":"Accueil","item":"https:\/\/lejardinexotique.fr\/"},{"@type":"ListItem","position":2,"name":"Le Bananier"}]},{"@type":"WebSite","@id":"https:\/\/lejardinexotique.fr\/#website","url":"https:\/\/lejardinexotique.fr\/","name":"Le jardin exotique","description":"Le jardin du Sud Gresivaudan","publisher":{"@id":"https:\/\/lejardinexotique.fr\/#organization"},"potentialAction":[{"@type":"SearchAction","target":{"@type":"EntryPoint","urlTemplate":"https:\/\/lejardinexotique.fr\/?s={search_term_string}"},"query-input":{"@type":"PropertyValueSpecification","valueRequired":true,"valueName":"search_term_string"}}],"inLanguage":"fr-FR"},{"@type":"Organization","@id":"https:\/\/lejardinexotique.fr\/#organization","name":"Le jardin exotique","url":"https:\/\/lejardinexotique.fr\/","logo":{"@type":"ImageObject","inLanguage":"fr-FR","@id":"https:\/\/lejardinexotique.fr\/#\/schema\/logo\/image\/","url":"https:\/\/lejardinexotique.fr\/wp-content\/uploads\/2022\/01\/vue-jardin-les-singes-384x512-2.jpg","contentUrl":"https:\/\/lejardinexotique.fr\/wp-content\/uploads\/2022\/01\/vue-jardin-les-singes-384x512-2.jpg","width":800,"height":1500,"caption":"Le jardin exotique"},"image":{"@id":"https:\/\/lejardinexotique.fr\/#\/schema\/logo\/image\/"},"sameAs":["https:\/\/www.facebook.com\/eric.just.5"]}]}},"_links":{"self":[{"href":"https:\/\/lejardinexotique.fr\/index.php\/wp-json\/wp\/v2\/pages\/246","targetHints":{"allow":["GET"]}}],"collection":[{"href":"https:\/\/lejardinexotique.fr\/index.php\/wp-json\/wp\/v2\/pages"}],"about":[{"href":"https:\/\/lejardinexotique.fr\/index.php\/wp-json\/wp\/v2\/types\/page"}],"author":[{"embeddable":true,"href":"https:\/\/lejardinexotique.fr\/index.php\/wp-json\/wp\/v2\/users\/1"}],"replies":[{"embeddable":true,"href":"https:\/\/lejardinexotique.fr\/index.php\/wp-json\/wp\/v2\/comments?post=246"}],"version-history":[{"count":13,"href":"https:\/\/lejardinexotique.fr\/index.php\/wp-json\/wp\/v2\/pages\/246\/revisions"}],"predecessor-version":[{"id":646,"href":"https:\/\/lejardinexotique.fr\/index.php\/wp-json\/wp\/v2\/pages\/246\/revisions\/646"}],"wp:attachment":[{"href":"https:\/\/lejardinexotique.fr\/index.php\/wp-json\/wp\/v2\/media?parent=246"}],"curies":[{"name":"wp","href":"https:\/\/api.w.org\/{rel}","templated":true}]}}