{"id":115,"date":"2022-01-28T09:13:25","date_gmt":"2022-01-28T08:13:25","guid":{"rendered":"http:\/\/lejardinexotique.fr\/?page_id=115"},"modified":"2024-12-27T09:54:56","modified_gmt":"2024-12-27T08:54:56","slug":"plante-rare","status":"publish","type":"page","link":"https:\/\/lejardinexotique.fr\/index.php\/plante-rare\/","title":{"rendered":"Les Plantes Rares"},"content":{"rendered":"\n<div class=\"wp-block-columns is-layout-flex wp-container-core-columns-is-layout-9d6595d7 wp-block-columns-is-layout-flex\">\n<div class=\"wp-block-column is-layout-flow wp-block-column-is-layout-flow\"><\/div>\n<\/div>\n\n\n\n<div class=\"wp-block-columns is-layout-flex wp-container-core-columns-is-layout-9d6595d7 wp-block-columns-is-layout-flex\">\n<div class=\"wp-block-column is-layout-flow wp-block-column-is-layout-flow\">\n<figure class=\"wp-block-image size-full\"><img loading=\"lazy\" decoding=\"async\" width=\"400\" height=\"533\" src=\"https:\/\/lejardinexotique.fr\/wp-content\/uploads\/2022\/06\/20220529_104151.jpg\" alt=\"araucaria cryptomeria japonica\" class=\"wp-image-411\" srcset=\"https:\/\/lejardinexotique.fr\/wp-content\/uploads\/2022\/06\/20220529_104151.jpg 400w, https:\/\/lejardinexotique.fr\/wp-content\/uploads\/2022\/06\/20220529_104151-225x300.jpg 225w\" sizes=\"auto, (max-width: 400px) 100vw, 400px\" \/><figcaption class=\"wp-element-caption\">araucaria cryptomeria Japonica<\/figcaption><\/figure>\n<\/div>\n\n\n\n<div class=\"wp-block-column is-layout-flow wp-block-column-is-layout-flow\">\n<h2 class=\"wp-block-heading\">Araucaria cryptomeria japonica<\/h2>\n\n\n\n<p>Un gros coup de c\u0153ur  pour cet arbre ,  qui  fait  parti des arbres  pr\u00e9historiques  qui sont rest\u00e9  identiques .<\/p>\n\n\n\n<p>Cet article recense les <strong>arbres les plus anciens connus<\/strong>, dont l&rsquo;\u00e2ge est confirm\u00e9 par des sources fiables. Il existe plusieurs d\u00e9finitions de ce qui constitue un arbre individuel. De plus, l&rsquo;\u00e2ge des arbres peut \u00eatre estim\u00e9 de diff\u00e9rentes fa\u00e7ons. Ces m\u00e9thodes comprennent le pr\u00e9l\u00e8vement de <a href=\"https:\/\/fr.wikipedia.org\/wiki\/Carotte_(%C3%A9chantillon)\">carottes<\/a> pour d\u00e9nombrer les <a href=\"https:\/\/fr.wikipedia.org\/wiki\/Cerne_(botanique)\">cernes<\/a>. Pour ces raisons, l&rsquo;article pr\u00e9sente trois listes des \u00ab&nbsp;arbres les plus anciens&nbsp;\u00bb, chacune utilisant des crit\u00e8res diff\u00e9rents.<\/p>\n\n\n\n<p>Les arbres des trois tableaux d&rsquo;arbres suivants sont class\u00e9s par \u00e2ge et par <a href=\"https:\/\/fr.wikipedia.org\/wiki\/Esp%C3%A8ce\">esp\u00e8ce<\/a>. Le premier tableau comprend les arbres pour lesquels un \u00e2ge minimum a pu \u00eatre directement d\u00e9termin\u00e9, soit par comptage ou recoupement des <a href=\"https:\/\/fr.wikipedia.org\/wiki\/Dendrochronologie\">cernes<\/a> des arbres, soit par <a href=\"https:\/\/fr.wikipedia.org\/wiki\/Datation_par_le_carbone_14\">datation<\/a> au <a href=\"https:\/\/fr.wikipedia.org\/wiki\/Carbone_14\">carbone 14<\/a>. <\/p>\n<\/div>\n<\/div>\n\n\n\n<div class=\"wp-block-columns is-layout-flex wp-container-core-columns-is-layout-9d6595d7 wp-block-columns-is-layout-flex\">\n<div class=\"wp-block-column is-layout-flow wp-block-column-is-layout-flow\">\n<figure class=\"wp-block-image size-full\"><img loading=\"lazy\" decoding=\"async\" width=\"400\" height=\"533\" src=\"https:\/\/lejardinexotique.fr\/wp-content\/uploads\/2022\/06\/lepolownia2ans.jpg\" alt=\"\" class=\"wp-image-415\" srcset=\"https:\/\/lejardinexotique.fr\/wp-content\/uploads\/2022\/06\/lepolownia2ans.jpg 400w, https:\/\/lejardinexotique.fr\/wp-content\/uploads\/2022\/06\/lepolownia2ans-225x300.jpg 225w\" sizes=\"auto, (max-width: 400px) 100vw, 400px\" \/><\/figure>\n<\/div>\n\n\n\n<div class=\"wp-block-column is-layout-flow wp-block-column-is-layout-flow\">\n<h2 class=\"wp-block-heading\" id=\"paulownia\">Paulownia<\/h2>\n\n\n\n<p><em><strong>Le Paulownia est un <a href=\"https:\/\/fr.wikipedia.org\/wiki\/Genre_(biologie)\">genre<\/a> d&rsquo;<a href=\"https:\/\/fr.wikipedia.org\/wiki\/Arbre\">arbres<\/a>, les paulownias, de la <a href=\"https:\/\/fr.wikipedia.org\/wiki\/Famille_(biologie)\">famille<\/a> des <a href=\"https:\/\/fr.wikipedia.org\/wiki\/Paulowniaceae\">Paulowniac\u00e9es<\/a>, qui sont originaires de <a href=\"https:\/\/fr.wikipedia.org\/wiki\/Chine\">Chine<\/a> et de <a href=\"https:\/\/fr.wikipedia.org\/wiki\/Cor%C3%A9e\">Cor\u00e9e<\/a>. Cette <a href=\"https:\/\/fr.wikipedia.org\/wiki\/Essence_foresti%C3%A8re\">essence<\/a> est principalement utilis\u00e9e pour son bois, pour stabiliser les sols ou fournir du fourrage, mais aussi comme arbre d&rsquo;ornement, notamment l&rsquo;<a href=\"https:\/\/fr.wikipedia.org\/wiki\/Esp%C3%A8ce\">esp\u00e8ce<\/a> commun\u00e9ment nomm\u00e9e paulownia&nbsp;: <a href=\"https:\/\/fr.wikipedia.org\/wiki\/Paulownia_tomentosa\">Paulownia tomentosa<\/a>. Le Paulownia est aussi surnomm\u00e9 \u00ab&nbsp;arbre imp\u00e9rial&nbsp;\u00bb<sup><a href=\"https:\/\/fr.wikipedia.org\/wiki\/Paulownia#cite_note-2\"> <\/a><\/sup><\/strong><\/em><\/p>\n<\/div>\n<\/div>\n\n\n\n<div class=\"wp-block-columns is-layout-flex wp-container-core-columns-is-layout-9d6595d7 wp-block-columns-is-layout-flex\">\n<div class=\"wp-block-column is-layout-flow wp-block-column-is-layout-flow\">\n<figure class=\"wp-block-image size-full\"><img loading=\"lazy\" decoding=\"async\" width=\"300\" height=\"400\" src=\"https:\/\/lejardinexotique.fr\/wp-content\/uploads\/2022\/01\/plante-ruelia-300x400-1.jpg\" alt=\"\" class=\"wp-image-98\" srcset=\"https:\/\/lejardinexotique.fr\/wp-content\/uploads\/2022\/01\/plante-ruelia-300x400-1.jpg 300w, https:\/\/lejardinexotique.fr\/wp-content\/uploads\/2022\/01\/plante-ruelia-300x400-1-225x300.jpg 225w\" sizes=\"auto, (max-width: 300px) 100vw, 300px\" \/><\/figure>\n<\/div>\n\n\n\n<div class=\"wp-block-column is-layout-flow wp-block-column-is-layout-flow\">\n<div class=\"wp-block-columns is-layout-flex wp-container-core-columns-is-layout-9d6595d7 wp-block-columns-is-layout-flex\">\n<div class=\"wp-block-column is-layout-flow wp-block-column-is-layout-flow\">\n<h2 class=\"wp-block-heading\" id=\"ruelia\">Ruelia<\/h2>\n\n\n\n<p><strong><em>Essayez avec cette orthographe : <a href=\"https:\/\/www.google.com\/search?client=firefox-b-d&amp;sxsrf=APq-WBv-Qyxy3l7Oonvbmuu0gWsR_pfPMg:1643963686476&amp;q=ruellia&amp;spell=1&amp;sa=X&amp;ved=2ahUKEwi847j80eX1AhVIxoUKHemeDkEQBSgAegQIARA3\">ruellia<\/a> Il s&rsquo;agit d&rsquo;une vivace persistante qui est cependant cultiv\u00e9e fr\u00e9quemment, sous nos latitudes, comme plante d&rsquo;int\u00e9rieur ou comme une annuelle, pour l&rsquo;originalit\u00e9 du feuillage et des fleurs, mais d\u00e8s 0\u00b0C, elle va perdre ses feuilles et disparaitre.<\/em><\/strong><\/p>\n<\/div>\n<\/div>\n<\/div>\n<\/div>\n\n\n\n<div class=\"wp-block-columns is-layout-flex wp-container-core-columns-is-layout-9d6595d7 wp-block-columns-is-layout-flex\">\n<div class=\"wp-block-column is-layout-flow wp-block-column-is-layout-flow\">\n<figure class=\"wp-block-image size-full\"><img loading=\"lazy\" decoding=\"async\" width=\"300\" height=\"400\" src=\"https:\/\/lejardinexotique.fr\/wp-content\/uploads\/2022\/01\/plante-jaune.jpg\" alt=\"\" class=\"wp-image-90\" srcset=\"https:\/\/lejardinexotique.fr\/wp-content\/uploads\/2022\/01\/plante-jaune.jpg 300w, https:\/\/lejardinexotique.fr\/wp-content\/uploads\/2022\/01\/plante-jaune-225x300.jpg 225w\" sizes=\"auto, (max-width: 300px) 100vw, 300px\" \/><\/figure>\n<\/div>\n\n\n\n<div class=\"wp-block-column is-layout-flow wp-block-column-is-layout-flow\">\n<h2 class=\"wp-block-heading\" id=\"ligulaire-gold\">Ligulaire gold<\/h2>\n\n\n\n<h3 class=\"wp-block-heading\" id=\"feuilles-de-10-35-cm-de-long-arrondies-dentees-cordiformes-a-la-base-grandes-grappes-pyramidales-composees-d-inflorescences-de-2-10-cm-de-diametre-dore-a-coeur-brun\"><strong><em>Feuilles de 10-35 cm de long, arrondies, dent\u00e9es, cordiformes \u00e0 la base. Grandes grappes pyramidales, compos\u00e9es d&rsquo;inflorescences de 2-10 cm de diam\u00e8tre, dor\u00e9 \u00e0 c\u0153ur brun. Une imposante ligulaire aux grandes feuilles en c\u0153ur et grappes pyramidales de fleurs jaune d&rsquo;or \u00e0 c\u0153ur brun.<\/em><\/strong> <\/h3>\n<\/div>\n<\/div>\n\n\n\n<div class=\"wp-block-columns is-layout-flex wp-container-core-columns-is-layout-9d6595d7 wp-block-columns-is-layout-flex\">\n<div class=\"wp-block-column is-layout-flow wp-block-column-is-layout-flow\">\n<figure class=\"wp-block-image size-full\"><img loading=\"lazy\" decoding=\"async\" width=\"300\" height=\"400\" src=\"https:\/\/lejardinexotique.fr\/wp-content\/uploads\/2022\/01\/Plante-lys-blanc-300x400-1.jpg\" alt=\"Plante lys blanc\" class=\"wp-image-91\" srcset=\"https:\/\/lejardinexotique.fr\/wp-content\/uploads\/2022\/01\/Plante-lys-blanc-300x400-1.jpg 300w, https:\/\/lejardinexotique.fr\/wp-content\/uploads\/2022\/01\/Plante-lys-blanc-300x400-1-225x300.jpg 225w\" sizes=\"auto, (max-width: 300px) 100vw, 300px\" \/><figcaption class=\"wp-element-caption\">Plante lys blanc <\/figcaption><\/figure>\n<\/div>\n\n\n\n<div class=\"wp-block-column is-layout-flow wp-block-column-is-layout-flow\">\n<h2 class=\"wp-block-heading\" id=\"lys-blancs\">Lys blancs<\/h2>\n\n\n\n<p><strong><em>Lilium candidum est une plante herbac\u00e9e de la famille des liliac\u00e9es appel\u00e9 le lis blanc ou lys de la Madone. Symbole floral du Qu\u00e9bec de 1963 \u00e0 1999.<\/em><\/strong><\/p>\n<\/div>\n<\/div>\n\n\n\n<div class=\"wp-block-columns is-layout-flex wp-container-core-columns-is-layout-9d6595d7 wp-block-columns-is-layout-flex\">\n<div class=\"wp-block-column is-layout-flow wp-block-column-is-layout-flow\">\n<figure class=\"wp-block-image size-full\"><img loading=\"lazy\" decoding=\"async\" width=\"300\" height=\"300\" src=\"https:\/\/lejardinexotique.fr\/wp-content\/uploads\/2022\/01\/Plante-lys-bordeau-300x300-1.jpg\" alt=\"\" class=\"wp-image-92\" srcset=\"https:\/\/lejardinexotique.fr\/wp-content\/uploads\/2022\/01\/Plante-lys-bordeau-300x300-1.jpg 300w, https:\/\/lejardinexotique.fr\/wp-content\/uploads\/2022\/01\/Plante-lys-bordeau-300x300-1-150x150.jpg 150w\" sizes=\"auto, (max-width: 300px) 100vw, 300px\" \/><\/figure>\n<\/div>\n\n\n\n<div class=\"wp-block-column is-layout-flow wp-block-column-is-layout-flow\">\n<h2 class=\"wp-block-heading\" id=\"lys-bordeaux\">Lys bordeaux<\/h2>\n\n\n\n<p><strong><em>Parmi les plus belles fleurs du jardin, les plus \u00e9l\u00e9gantes \u00e9galement, les lis sont des plantes particuli\u00e8rement faciles \u00e0 r\u00e9ussir ! Leurs vari\u00e9t\u00e9s et leurs couleurs sont nombreuses, aussi vous sera-t-il tr\u00e8s ais\u00e9 de trouver les plantes qui correspondent le mieux \u00e0 votre jardin et \u00e0 vos go\u00fbts. D\u00e9couvrez vite notre assortiment de lis et laissez parler votre cr\u00e9ativit\u00e9 !<\/em><\/strong><\/p>\n<\/div>\n<\/div>\n\n\n\n<div class=\"wp-block-columns is-layout-flex wp-container-core-columns-is-layout-9d6595d7 wp-block-columns-is-layout-flex\">\n<div class=\"wp-block-column is-layout-flow wp-block-column-is-layout-flow\">\n<div class=\"wp-block-columns is-layout-flex wp-container-core-columns-is-layout-9d6595d7 wp-block-columns-is-layout-flex\">\n<div class=\"wp-block-column is-layout-flow wp-block-column-is-layout-flow\">\n<figure class=\"wp-block-image size-full\"><img loading=\"lazy\" decoding=\"async\" width=\"400\" height=\"533\" src=\"https:\/\/lejardinexotique.fr\/wp-content\/uploads\/2022\/06\/fleurjaunedelaloestriata-1.jpg\" alt=\"\" class=\"wp-image-404\" srcset=\"https:\/\/lejardinexotique.fr\/wp-content\/uploads\/2022\/06\/fleurjaunedelaloestriata-1.jpg 400w, https:\/\/lejardinexotique.fr\/wp-content\/uploads\/2022\/06\/fleurjaunedelaloestriata-1-225x300.jpg 225w\" sizes=\"auto, (max-width: 400px) 100vw, 400px\" \/><\/figure>\n<\/div>\n\n\n\n<div class=\"wp-block-column is-layout-flow wp-block-column-is-layout-flow\">\n<figure class=\"wp-block-image size-full\"><img loading=\"lazy\" decoding=\"async\" width=\"300\" height=\"400\" src=\"https:\/\/lejardinexotique.fr\/wp-content\/uploads\/2022\/01\/plante-aloe-arborescente300x400.jpg\" alt=\"\" class=\"wp-image-86\" srcset=\"https:\/\/lejardinexotique.fr\/wp-content\/uploads\/2022\/01\/plante-aloe-arborescente300x400.jpg 300w, https:\/\/lejardinexotique.fr\/wp-content\/uploads\/2022\/01\/plante-aloe-arborescente300x400-225x300.jpg 225w\" sizes=\"auto, (max-width: 300px) 100vw, 300px\" \/><\/figure>\n<\/div>\n<\/div>\n<\/div>\n\n\n\n<div class=\"wp-block-column is-layout-flow wp-block-column-is-layout-flow\">\n<h2 class=\"wp-block-heading\" id=\"aloe-arborescente\">Aloe Arborescente<\/h2>\n\n\n\n<p><strong><em>Aloe arborescens ou alo\u00e8s arborescent, aloe cand\u00e9labre ou corne de b\u00e9lier est un alo\u00e8s,<\/em><\/strong> <strong><em>originaire de l&rsquo;Afrique australe.  <\/em><\/strong>En plusieurs <strong>endroits d&rsquo;<a href=\"https:\/\/fr.wikipedia.org\/wiki\/Afrique_du_Sud\">Afrique du Sud<\/a>, des haies vives d&rsquo;alo\u00e8s arborescent (associ\u00e9 \u00e0 l&rsquo; <em><a href=\"https:\/\/fr.wikipedia.org\/wiki\/Aloe_ferox\">Aloe ferox<\/a><\/em>) servent \u00e0 d\u00e9limiter les enclos \u00e0 b\u00e9tail (les kraals). Le <a href=\"https:\/\/fr.wikipedia.org\/wiki\/Zoulous\">peuple Zoulou<\/a> de l&rsquo;Afrique australe utilisait les feuilles d&rsquo;alo\u00e8s arborescent, s\u00e9ch\u00e9es puis r\u00e9duites en poudre, comme protection contre les orages<sup><a href=\"https:\/\/fr.wikipedia.org\/wiki\/Aloe_arborescens#cite_note-plantzafrica-4\">4<\/a><\/sup>. Dans le <a href=\"https:\/\/fr.wikipedia.org\/wiki\/Transkei\">Transkei<\/a>, elles \u00e9taient utilis\u00e9es pour traiter les douleurs d&rsquo;estomac et on les donnait aux poulets pour les garder en bonne sant\u00e9.<\/strong><\/p>\n<\/div>\n<\/div>\n\n\n\n<div class=\"wp-block-columns is-layout-flex wp-container-core-columns-is-layout-9d6595d7 wp-block-columns-is-layout-flex\">\n<div class=\"wp-block-column is-layout-flow wp-block-column-is-layout-flow\">\n<div class=\"wp-block-columns is-layout-flex wp-container-core-columns-is-layout-9d6595d7 wp-block-columns-is-layout-flex\">\n<div class=\"wp-block-column is-layout-flow wp-block-column-is-layout-flow\">\n<figure class=\"wp-block-gallery has-nested-images columns-default is-cropped wp-block-gallery-1 is-layout-flex wp-block-gallery-is-layout-flex\">\n<figure class=\"wp-block-image size-large\"><img loading=\"lazy\" decoding=\"async\" width=\"400\" height=\"533\" data-id=\"424\" src=\"https:\/\/lejardinexotique.fr\/wp-content\/uploads\/2022\/06\/pivoinesblanches.jpg\" alt=\"\" class=\"wp-image-424\" srcset=\"https:\/\/lejardinexotique.fr\/wp-content\/uploads\/2022\/06\/pivoinesblanches.jpg 400w, https:\/\/lejardinexotique.fr\/wp-content\/uploads\/2022\/06\/pivoinesblanches-225x300.jpg 225w\" sizes=\"auto, (max-width: 400px) 100vw, 400px\" \/><\/figure>\n<\/figure>\n<\/div>\n\n\n\n<div class=\"wp-block-column is-layout-flow wp-block-column-is-layout-flow\">\n<figure class=\"wp-block-image size-full\"><img loading=\"lazy\" decoding=\"async\" width=\"400\" height=\"533\" src=\"https:\/\/lejardinexotique.fr\/wp-content\/uploads\/2022\/06\/pivoinesblanches2.jpg\" alt=\"\" class=\"wp-image-425\" srcset=\"https:\/\/lejardinexotique.fr\/wp-content\/uploads\/2022\/06\/pivoinesblanches2.jpg 400w, https:\/\/lejardinexotique.fr\/wp-content\/uploads\/2022\/06\/pivoinesblanches2-225x300.jpg 225w\" sizes=\"auto, (max-width: 400px) 100vw, 400px\" \/><\/figure>\n<\/div>\n<\/div>\n<\/div>\n<\/div>\n\n\n\n<div class=\"wp-block-columns is-layout-flex wp-container-core-columns-is-layout-9d6595d7 wp-block-columns-is-layout-flex\">\n<div class=\"wp-block-column is-layout-flow wp-block-column-is-layout-flow\">\n<figure class=\"wp-block-image size-full\"><img loading=\"lazy\" decoding=\"async\" width=\"305\" height=\"407\" src=\"https:\/\/lejardinexotique.fr\/wp-content\/uploads\/2022\/06\/fleursoranges.jpg\" alt=\"\" class=\"wp-image-431\" srcset=\"https:\/\/lejardinexotique.fr\/wp-content\/uploads\/2022\/06\/fleursoranges.jpg 305w, https:\/\/lejardinexotique.fr\/wp-content\/uploads\/2022\/06\/fleursoranges-225x300.jpg 225w\" sizes=\"auto, (max-width: 305px) 100vw, 305px\" \/><\/figure>\n<\/div>\n\n\n\n<div class=\"wp-block-column is-layout-flow wp-block-column-is-layout-flow\">\n<figure class=\"wp-block-image size-full\"><img loading=\"lazy\" decoding=\"async\" width=\"400\" height=\"533\" src=\"https:\/\/lejardinexotique.fr\/wp-content\/uploads\/2022\/06\/aildecoratif.jpg\" alt=\"\" class=\"wp-image-410\" srcset=\"https:\/\/lejardinexotique.fr\/wp-content\/uploads\/2022\/06\/aildecoratif.jpg 400w, https:\/\/lejardinexotique.fr\/wp-content\/uploads\/2022\/06\/aildecoratif-225x300.jpg 225w\" sizes=\"auto, (max-width: 400px) 100vw, 400px\" \/><\/figure>\n<\/div>\n<\/div>\n\n\n\n<div class=\"wp-block-columns is-layout-flex wp-container-core-columns-is-layout-9d6595d7 wp-block-columns-is-layout-flex\">\n<div class=\"wp-block-column is-layout-flow wp-block-column-is-layout-flow\">\n<figure class=\"wp-block-image size-full\"><img loading=\"lazy\" decoding=\"async\" width=\"400\" height=\"533\" src=\"https:\/\/lejardinexotique.fr\/wp-content\/uploads\/2022\/06\/passifloreblanche2.jpg\" alt=\"\" class=\"wp-image-421\" srcset=\"https:\/\/lejardinexotique.fr\/wp-content\/uploads\/2022\/06\/passifloreblanche2.jpg 400w, https:\/\/lejardinexotique.fr\/wp-content\/uploads\/2022\/06\/passifloreblanche2-225x300.jpg 225w\" sizes=\"auto, (max-width: 400px) 100vw, 400px\" \/><\/figure>\n<\/div>\n\n\n\n<div class=\"wp-block-column is-layout-flow wp-block-column-is-layout-flow\">\n<figure class=\"wp-block-gallery has-nested-images columns-default is-cropped wp-block-gallery-2 is-layout-flex wp-block-gallery-is-layout-flex\">\n<figure class=\"wp-block-image size-large\"><img loading=\"lazy\" decoding=\"async\" width=\"400\" height=\"533\" data-id=\"405\" src=\"https:\/\/lejardinexotique.fr\/wp-content\/uploads\/2022\/06\/fleurdegrenadier.jpg\" alt=\"\" class=\"wp-image-405\" srcset=\"https:\/\/lejardinexotique.fr\/wp-content\/uploads\/2022\/06\/fleurdegrenadier.jpg 400w, https:\/\/lejardinexotique.fr\/wp-content\/uploads\/2022\/06\/fleurdegrenadier-225x300.jpg 225w\" sizes=\"auto, (max-width: 400px) 100vw, 400px\" \/><\/figure>\n<\/figure>\n<\/div>\n<\/div>\n\n\n\n<div class=\"wp-block-columns is-layout-flex wp-container-core-columns-is-layout-9d6595d7 wp-block-columns-is-layout-flex\">\n<div class=\"wp-block-column is-layout-flow wp-block-column-is-layout-flow\">\n<figure class=\"wp-block-gallery has-nested-images columns-default is-cropped wp-block-gallery-3 is-layout-flex wp-block-gallery-is-layout-flex\">\n<figure class=\"wp-block-image size-large\"><img loading=\"lazy\" decoding=\"async\" width=\"400\" height=\"533\" data-id=\"458\" src=\"https:\/\/lejardinexotique.fr\/wp-content\/uploads\/2022\/06\/20220618_1117261-scaled-e1655563604829.jpg\" alt=\"\" class=\"wp-image-458\" srcset=\"https:\/\/lejardinexotique.fr\/wp-content\/uploads\/2022\/06\/20220618_1117261-scaled-e1655563604829.jpg 400w, https:\/\/lejardinexotique.fr\/wp-content\/uploads\/2022\/06\/20220618_1117261-scaled-e1655563604829-225x300.jpg 225w\" sizes=\"auto, (max-width: 400px) 100vw, 400px\" \/><\/figure>\n<\/figure>\n<\/div>\n\n\n\n<div class=\"wp-block-column is-layout-flow wp-block-column-is-layout-flow\">\n<figure class=\"wp-block-gallery has-nested-images columns-default is-cropped wp-block-gallery-4 is-layout-flex wp-block-gallery-is-layout-flex\">\n<figure class=\"wp-block-image size-full\"><img loading=\"lazy\" decoding=\"async\" width=\"400\" height=\"533\" data-id=\"409\" src=\"https:\/\/lejardinexotique.fr\/wp-content\/uploads\/2022\/06\/alocasiaregalshield.jpg\" alt=\"les alocasias\" class=\"wp-image-409\" srcset=\"https:\/\/lejardinexotique.fr\/wp-content\/uploads\/2022\/06\/alocasiaregalshield.jpg 400w, https:\/\/lejardinexotique.fr\/wp-content\/uploads\/2022\/06\/alocasiaregalshield-225x300.jpg 225w\" sizes=\"auto, (max-width: 400px) 100vw, 400px\" \/><figcaption class=\"wp-element-caption\">les Alocasias .Alocasia regalshied<\/figcaption><\/figure>\n<\/figure>\n<\/div>\n<\/div>\n\n\n\n<div class=\"wp-block-columns is-layout-flex wp-container-core-columns-is-layout-9d6595d7 wp-block-columns-is-layout-flex\">\n<div class=\"wp-block-column is-layout-flow wp-block-column-is-layout-flow\">\n<figure class=\"wp-block-image size-full\"><img loading=\"lazy\" decoding=\"async\" width=\"300\" height=\"400\" src=\"https:\/\/lejardinexotique.fr\/wp-content\/uploads\/2022\/01\/plante-ricin-300x400-2.jpg\" alt=\"\" class=\"wp-image-231\" srcset=\"https:\/\/lejardinexotique.fr\/wp-content\/uploads\/2022\/01\/plante-ricin-300x400-2.jpg 300w, https:\/\/lejardinexotique.fr\/wp-content\/uploads\/2022\/01\/plante-ricin-300x400-2-225x300.jpg 225w\" sizes=\"auto, (max-width: 300px) 100vw, 300px\" \/><\/figure>\n<\/div>\n\n\n\n<div class=\"wp-block-column is-layout-flow wp-block-column-is-layout-flow\">\n<h2 class=\"wp-block-heading\" id=\"ricin\">Ricin<\/h2>\n\n\n\n<p><strong><em>Le ricin commun est un arbrisseau d&rsquo;origine tropicale de la famille des Euphorbiac\u00e9es. C&rsquo;est la source de l&rsquo;huile de ricin, qui a diverses applications, et de la ricine, un poison. Il est fr\u00e9quemment utilis\u00e9 \u00e0 des fins ornementales. <\/em><\/strong><a href=\"https:\/\/fr.wikipedia.org\/wiki\/Ricin_commun\"><\/a><\/p>\n<\/div>\n<\/div>\n\n\n\n<div class=\"wp-block-columns is-layout-flex wp-container-core-columns-is-layout-9d6595d7 wp-block-columns-is-layout-flex\">\n<div class=\"wp-block-column is-layout-flow wp-block-column-is-layout-flow\">\n<figure class=\"wp-block-image size-full\"><img loading=\"lazy\" decoding=\"async\" width=\"300\" height=\"400\" src=\"https:\/\/lejardinexotique.fr\/wp-content\/uploads\/2022\/01\/plante-alpina-zerumbet-300x400-2.jpg\" alt=\"\" class=\"wp-image-234\" srcset=\"https:\/\/lejardinexotique.fr\/wp-content\/uploads\/2022\/01\/plante-alpina-zerumbet-300x400-2.jpg 300w, https:\/\/lejardinexotique.fr\/wp-content\/uploads\/2022\/01\/plante-alpina-zerumbet-300x400-2-225x300.jpg 225w\" sizes=\"auto, (max-width: 300px) 100vw, 300px\" \/><\/figure>\n<\/div>\n\n\n\n<div class=\"wp-block-column is-layout-flow wp-block-column-is-layout-flow\">\n<h2 class=\"wp-block-heading\" id=\"alpina-zerumbet\">Alpina zerumbet<\/h2>\n\n\n\n<p><strong><em>Alpinia zerumbet est une esp\u00e8ce de plante du genre Alpinia et de la famille des Zingiberaceae. On l&rsquo;appelle \u00e9galement \u00ab fleur de mon \u00e2me \u00bb, \u00ab larmes de la vierge \u00bb, \u00ab gingembre coquille \u00bb, \u00ab fleur du paradis \u00bb ou encore longose. Ces noms peuvent n\u00e9anmoins d\u00e9signer d&rsquo;autres esp\u00e8ces, exemple avec la longose.<\/em><\/strong><\/p>\n<\/div>\n<\/div>\n\n\n\n<div class=\"wp-block-columns is-layout-flex wp-container-core-columns-is-layout-9d6595d7 wp-block-columns-is-layout-flex\">\n<div class=\"wp-block-column is-layout-flow wp-block-column-is-layout-flow\">\n<figure class=\"wp-block-image size-full\"><img loading=\"lazy\" decoding=\"async\" width=\"210\" height=\"216\" src=\"https:\/\/lejardinexotique.fr\/wp-content\/uploads\/2022\/01\/Plante-beschomeria-yuccoides-300X400-1.jpg\" alt=\"\" class=\"wp-image-235\"\/><\/figure>\n<\/div>\n\n\n\n<div class=\"wp-block-column is-layout-flow wp-block-column-is-layout-flow\">\n<h2 class=\"wp-block-heading\" id=\"beschomeria-yuccoides\">Beschomeria yuccoides<\/h2>\n\n\n\n<p><strong><em>Beschorneria yuccoides est une esp\u00e8ce de plante exotique originaire du Mexique, de la famille des Agavaceae, en classification classique. Dans la classification phylog\u00e9nique elle fait partie de la famille des Asparagaceae<\/em><\/strong><\/p>\n<\/div>\n<\/div>\n\n\n\n<div class=\"wp-block-columns is-layout-flex wp-container-core-columns-is-layout-9d6595d7 wp-block-columns-is-layout-flex\">\n<div class=\"wp-block-column is-layout-flow wp-block-column-is-layout-flow\">\n<figure class=\"wp-block-image size-full\"><img loading=\"lazy\" decoding=\"async\" width=\"233\" height=\"161\" src=\"https:\/\/lejardinexotique.fr\/wp-content\/uploads\/2022\/01\/plante-echidium-300x400-2.jpg\" alt=\"\" class=\"wp-image-236\"\/><\/figure>\n<\/div>\n\n\n\n<div class=\"wp-block-column is-layout-flow wp-block-column-is-layout-flow\">\n<h2 class=\"wp-block-heading\" id=\"echidium\">Echidium<\/h2>\n\n\n\n<p>L&rsquo;echidium est native deu nord de l&rsquo;afrique<\/p>\n<\/div>\n<\/div>\n\n\n\n<div class=\"wp-block-columns is-layout-flex wp-container-core-columns-is-layout-9d6595d7 wp-block-columns-is-layout-flex\">\n<div class=\"wp-block-column is-layout-flow wp-block-column-is-layout-flow\">\n<figure class=\"wp-block-image size-full\"><img loading=\"lazy\" decoding=\"async\" width=\"300\" height=\"400\" src=\"https:\/\/lejardinexotique.fr\/wp-content\/uploads\/2022\/01\/plante-miscantus-pantere-300x400-2.jpg\" alt=\"\" class=\"wp-image-237\" srcset=\"https:\/\/lejardinexotique.fr\/wp-content\/uploads\/2022\/01\/plante-miscantus-pantere-300x400-2.jpg 300w, https:\/\/lejardinexotique.fr\/wp-content\/uploads\/2022\/01\/plante-miscantus-pantere-300x400-2-225x300.jpg 225w\" sizes=\"auto, (max-width: 300px) 100vw, 300px\" \/><\/figure>\n<\/div>\n\n\n\n<div class=\"wp-block-column is-layout-flow wp-block-column-is-layout-flow\">\n<h2 class=\"wp-block-heading\" id=\"miscantus-pantere\">Miscantus pantere<\/h2>\n\n\n\n<p><em>Le Miscanthus, aussi appel\u00e9e \u00ab&nbsp;Herbe \u00e0 El\u00e9phant&nbsp;\u00bb, \u00ab&nbsp;Eulalie&nbsp;\u00bb ou \u00ab&nbsp;Roseau de Chine&nbsp;\u00bb, est une <strong>plante herbac\u00e9e vivace de la famille des Poaceae (Gramin\u00e9es) originaire d\u2019Afrique et d\u2019Asie du sud<\/strong>. Issue des marais, pentes et flanc de collines, c\u2019est une plante robuste qui n\u2019est <strong>sujette ni aux maladies, ni aux attaques de rongeurs ou autres ravageurs<\/strong>.<\/em><\/p>\n\n\n\n<p>I <\/p>\n<\/div>\n<\/div>\n\n\n\n<div class=\"wp-block-columns is-layout-flex wp-container-core-columns-is-layout-9d6595d7 wp-block-columns-is-layout-flex\">\n<div class=\"wp-block-column is-layout-flow wp-block-column-is-layout-flow\">\n<figure class=\"wp-block-image size-full\"><img loading=\"lazy\" decoding=\"async\" width=\"210\" height=\"240\" src=\"https:\/\/lejardinexotique.fr\/wp-content\/uploads\/2022\/01\/plante-nerine-bowdenii-300x400-2.jpg\" alt=\"\" class=\"wp-image-238\"\/><\/figure>\n<\/div>\n\n\n\n<div class=\"wp-block-column is-layout-flow wp-block-column-is-layout-flow\">\n<h2 class=\"wp-block-heading\" id=\"nerine-bowdenii\">Nerine bowdenii<\/h2>\n\n\n\n<p><strong><em>Nerine bowdenii est une esp\u00e8ce de plantes herbac\u00e9es vivaces. Elle appartient \u00e0 la famille des Liliaceae selon la classification classique. La classification phylog\u00e9n\u00e9tique la place dans la famille des Amaryllidaceae<\/em><\/strong><\/p>\n<\/div>\n<\/div>\n\n\n\n<div class=\"wp-block-columns is-layout-flex wp-container-core-columns-is-layout-9d6595d7 wp-block-columns-is-layout-flex\">\n<div class=\"wp-block-column is-layout-flow wp-block-column-is-layout-flow\">\n<figure class=\"wp-block-image size-full\"><img loading=\"lazy\" decoding=\"async\" width=\"300\" height=\"400\" src=\"https:\/\/lejardinexotique.fr\/wp-content\/uploads\/2022\/01\/plante-remusatia-vivipera-300x400-2.jpg\" alt=\"\" class=\"wp-image-239\" srcset=\"https:\/\/lejardinexotique.fr\/wp-content\/uploads\/2022\/01\/plante-remusatia-vivipera-300x400-2.jpg 300w, https:\/\/lejardinexotique.fr\/wp-content\/uploads\/2022\/01\/plante-remusatia-vivipera-300x400-2-225x300.jpg 225w\" sizes=\"auto, (max-width: 300px) 100vw, 300px\" \/><\/figure>\n<\/div>\n\n\n\n<div class=\"wp-block-column is-layout-flow wp-block-column-is-layout-flow\">\n<h2 class=\"wp-block-heading\" id=\"remusatia-vivipera\">Remusatia vivipera<\/h2>\n\n\n\n<p><strong><em>Remusatia vivipara \u00e9galement appel\u00e9e oreille d&rsquo;\u00e9l\u00e9phant d&rsquo;auto-stoppeur est une plante herbac\u00e9e vivace atteignant 50 cm de haut dans le genre Remusatia. Il est r\u00e9pandu dans le monde entier, poussant dans les climats temp\u00e9r\u00e9s<\/em><\/strong><\/p>\n<\/div>\n<\/div>\n\n\n\n<div class=\"wp-block-columns is-layout-flex wp-container-core-columns-is-layout-9d6595d7 wp-block-columns-is-layout-flex\">\n<div class=\"wp-block-column is-layout-flow wp-block-column-is-layout-flow\">\n<figure class=\"wp-block-gallery has-nested-images columns-default is-cropped wp-block-gallery-5 is-layout-flex wp-block-gallery-is-layout-flex\">\n<figure class=\"wp-block-image size-large\"><img loading=\"lazy\" decoding=\"async\" width=\"300\" height=\"400\" data-id=\"240\" src=\"https:\/\/lejardinexotique.fr\/wp-content\/uploads\/2022\/01\/plante-tetrapanax-geant-300x400-2.jpg\" alt=\"\" class=\"wp-image-240\" srcset=\"https:\/\/lejardinexotique.fr\/wp-content\/uploads\/2022\/01\/plante-tetrapanax-geant-300x400-2.jpg 300w, https:\/\/lejardinexotique.fr\/wp-content\/uploads\/2022\/01\/plante-tetrapanax-geant-300x400-2-225x300.jpg 225w\" sizes=\"auto, (max-width: 300px) 100vw, 300px\" \/><\/figure>\n<\/figure>\n<\/div>\n\n\n\n<div class=\"wp-block-column is-layout-flow wp-block-column-is-layout-flow\">\n<h2 class=\"wp-block-heading\" id=\"tetrapanax-geant\">Tetrapanax g\u00e9ant<\/h2>\n\n\n\n<p><strong><em>Ce t\u00e9trapanax, mi arbuste-mi vivace, peut former en climat doux un petit arbre d&rsquo;aspect tr\u00e8s exotique, aux grandes feuilles luxuriantes et superbement d\u00e9coup\u00e9es, d&rsquo;un vert-gris velout\u00e9. Grappes de petites fleurs blanches en fin d&rsquo;\u00e9t\u00e9, mellif\u00e8res. Drageonnant, il peut parfois se montrer envahissant. Rustique \u00e0 -10\u00b0C, en sol drainant, fertile, plut\u00f4t frais.<\/em><\/strong><\/p>\n<\/div>\n<\/div>\n","protected":false},"excerpt":{"rendered":"<p>Araucaria cryptomeria japonica Un gros coup de c\u0153ur pour cet arbre , qui fait parti des arbres pr\u00e9historiques qui sont rest\u00e9 identiques . Cet article recense les arbres les plus anciens connus, dont l&rsquo;\u00e2ge est confirm\u00e9 par des sources fiables. Il existe plusieurs d\u00e9finitions de ce qui constitue un arbre individuel. De plus, l&rsquo;\u00e2ge des [&hellip;]<\/p>\n","protected":false},"author":1,"featured_media":0,"parent":0,"menu_order":0,"comment_status":"closed","ping_status":"closed","template":"","meta":{"_monsterinsights_skip_tracking":false,"_monsterinsights_sitenote_active":false,"_monsterinsights_sitenote_note":"","_monsterinsights_sitenote_category":0,"footnotes":""},"class_list":["post-115","page","type-page","status-publish","hentry"],"yoast_head":"<!-- This site is optimized with the Yoast SEO plugin v27.5 - https:\/\/yoast.com\/product\/yoast-seo-wordpress\/ -->\n<title>Les Plantes Rares - Le jardin exotique<\/title>\n<meta name=\"description\" content=\"D\u00e9couvrez nos plantes rares. Notre collection s&#039;\u00e9toffe chaque ann\u00e9e . Le collectionneur de plantes a toujours mati\u00e8re a apprendre.\" \/>\n<meta name=\"robots\" content=\"index, follow, max-snippet:-1, max-image-preview:large, max-video-preview:-1\" \/>\n<link rel=\"canonical\" href=\"https:\/\/lejardinexotique.fr\/index.php\/plante-rare\/\" \/>\n<meta property=\"og:locale\" content=\"fr_FR\" \/>\n<meta property=\"og:type\" content=\"article\" \/>\n<meta property=\"og:title\" content=\"Les Plantes Rares - Le jardin exotique\" \/>\n<meta property=\"og:description\" content=\"D\u00e9couvrez nos plantes rares. Notre collection s&#039;\u00e9toffe chaque ann\u00e9e . Le collectionneur de plantes a toujours mati\u00e8re a apprendre.\" \/>\n<meta property=\"og:url\" content=\"https:\/\/lejardinexotique.fr\/index.php\/plante-rare\/\" \/>\n<meta property=\"og:site_name\" content=\"Le jardin exotique\" \/>\n<meta property=\"article:publisher\" content=\"https:\/\/www.facebook.com\/eric.just.5\" \/>\n<meta property=\"article:modified_time\" content=\"2024-12-27T08:54:56+00:00\" \/>\n<meta property=\"og:image\" content=\"https:\/\/lejardinexotique.fr\/wp-content\/uploads\/2022\/06\/20220529_104151.jpg\" \/>\n\t<meta property=\"og:image:width\" content=\"400\" \/>\n\t<meta property=\"og:image:height\" content=\"533\" \/>\n\t<meta property=\"og:image:type\" content=\"image\/jpeg\" \/>\n<meta name=\"twitter:card\" content=\"summary_large_image\" \/>\n<meta name=\"twitter:label1\" content=\"Dur\u00e9e de lecture estim\u00e9e\" \/>\n\t<meta name=\"twitter:data1\" content=\"10 minutes\" \/>\n<script type=\"application\/ld+json\" class=\"yoast-schema-graph\">{\"@context\":\"https:\\\/\\\/schema.org\",\"@graph\":[{\"@type\":\"WebPage\",\"@id\":\"https:\\\/\\\/lejardinexotique.fr\\\/index.php\\\/plante-rare\\\/\",\"url\":\"https:\\\/\\\/lejardinexotique.fr\\\/index.php\\\/plante-rare\\\/\",\"name\":\"Les Plantes Rares - Le jardin exotique\",\"isPartOf\":{\"@id\":\"https:\\\/\\\/lejardinexotique.fr\\\/#website\"},\"primaryImageOfPage\":{\"@id\":\"https:\\\/\\\/lejardinexotique.fr\\\/index.php\\\/plante-rare\\\/#primaryimage\"},\"image\":{\"@id\":\"https:\\\/\\\/lejardinexotique.fr\\\/index.php\\\/plante-rare\\\/#primaryimage\"},\"thumbnailUrl\":\"https:\\\/\\\/lejardinexotique.fr\\\/wp-content\\\/uploads\\\/2022\\\/06\\\/20220529_104151.jpg\",\"datePublished\":\"2022-01-28T08:13:25+00:00\",\"dateModified\":\"2024-12-27T08:54:56+00:00\",\"description\":\"D\u00e9couvrez nos plantes rares. Notre collection s'\u00e9toffe chaque ann\u00e9e . Le collectionneur de plantes a toujours mati\u00e8re a apprendre.\",\"breadcrumb\":{\"@id\":\"https:\\\/\\\/lejardinexotique.fr\\\/index.php\\\/plante-rare\\\/#breadcrumb\"},\"inLanguage\":\"fr-FR\",\"potentialAction\":[{\"@type\":\"ReadAction\",\"target\":[\"https:\\\/\\\/lejardinexotique.fr\\\/index.php\\\/plante-rare\\\/\"]}]},{\"@type\":\"ImageObject\",\"inLanguage\":\"fr-FR\",\"@id\":\"https:\\\/\\\/lejardinexotique.fr\\\/index.php\\\/plante-rare\\\/#primaryimage\",\"url\":\"https:\\\/\\\/lejardinexotique.fr\\\/wp-content\\\/uploads\\\/2022\\\/06\\\/20220529_104151.jpg\",\"contentUrl\":\"https:\\\/\\\/lejardinexotique.fr\\\/wp-content\\\/uploads\\\/2022\\\/06\\\/20220529_104151.jpg\",\"width\":400,\"height\":533,\"caption\":\"araucaria cryptomeria Japonica\"},{\"@type\":\"BreadcrumbList\",\"@id\":\"https:\\\/\\\/lejardinexotique.fr\\\/index.php\\\/plante-rare\\\/#breadcrumb\",\"itemListElement\":[{\"@type\":\"ListItem\",\"position\":1,\"name\":\"Accueil\",\"item\":\"https:\\\/\\\/lejardinexotique.fr\\\/\"},{\"@type\":\"ListItem\",\"position\":2,\"name\":\"Les Plantes Rares\"}]},{\"@type\":\"WebSite\",\"@id\":\"https:\\\/\\\/lejardinexotique.fr\\\/#website\",\"url\":\"https:\\\/\\\/lejardinexotique.fr\\\/\",\"name\":\"Le jardin exotique\",\"description\":\"Le jardin du Sud Gresivaudan\",\"publisher\":{\"@id\":\"https:\\\/\\\/lejardinexotique.fr\\\/#organization\"},\"potentialAction\":[{\"@type\":\"SearchAction\",\"target\":{\"@type\":\"EntryPoint\",\"urlTemplate\":\"https:\\\/\\\/lejardinexotique.fr\\\/?s={search_term_string}\"},\"query-input\":{\"@type\":\"PropertyValueSpecification\",\"valueRequired\":true,\"valueName\":\"search_term_string\"}}],\"inLanguage\":\"fr-FR\"},{\"@type\":\"Organization\",\"@id\":\"https:\\\/\\\/lejardinexotique.fr\\\/#organization\",\"name\":\"Le jardin exotique\",\"url\":\"https:\\\/\\\/lejardinexotique.fr\\\/\",\"logo\":{\"@type\":\"ImageObject\",\"inLanguage\":\"fr-FR\",\"@id\":\"https:\\\/\\\/lejardinexotique.fr\\\/#\\\/schema\\\/logo\\\/image\\\/\",\"url\":\"https:\\\/\\\/lejardinexotique.fr\\\/wp-content\\\/uploads\\\/2022\\\/01\\\/vue-jardin-les-singes-384x512-2.jpg\",\"contentUrl\":\"https:\\\/\\\/lejardinexotique.fr\\\/wp-content\\\/uploads\\\/2022\\\/01\\\/vue-jardin-les-singes-384x512-2.jpg\",\"width\":800,\"height\":1500,\"caption\":\"Le jardin exotique\"},\"image\":{\"@id\":\"https:\\\/\\\/lejardinexotique.fr\\\/#\\\/schema\\\/logo\\\/image\\\/\"},\"sameAs\":[\"https:\\\/\\\/www.facebook.com\\\/eric.just.5\"]}]}<\/script>\n<!-- \/ Yoast SEO plugin. -->","yoast_head_json":{"title":"Les Plantes Rares - Le jardin exotique","description":"D\u00e9couvrez nos plantes rares. Notre collection s'\u00e9toffe chaque ann\u00e9e . Le collectionneur de plantes a toujours mati\u00e8re a apprendre.","robots":{"index":"index","follow":"follow","max-snippet":"max-snippet:-1","max-image-preview":"max-image-preview:large","max-video-preview":"max-video-preview:-1"},"canonical":"https:\/\/lejardinexotique.fr\/index.php\/plante-rare\/","og_locale":"fr_FR","og_type":"article","og_title":"Les Plantes Rares - Le jardin exotique","og_description":"D\u00e9couvrez nos plantes rares. Notre collection s'\u00e9toffe chaque ann\u00e9e . Le collectionneur de plantes a toujours mati\u00e8re a apprendre.","og_url":"https:\/\/lejardinexotique.fr\/index.php\/plante-rare\/","og_site_name":"Le jardin exotique","article_publisher":"https:\/\/www.facebook.com\/eric.just.5","article_modified_time":"2024-12-27T08:54:56+00:00","og_image":[{"width":400,"height":533,"url":"https:\/\/lejardinexotique.fr\/wp-content\/uploads\/2022\/06\/20220529_104151.jpg","type":"image\/jpeg"}],"twitter_card":"summary_large_image","twitter_misc":{"Dur\u00e9e de lecture estim\u00e9e":"10 minutes"},"schema":{"@context":"https:\/\/schema.org","@graph":[{"@type":"WebPage","@id":"https:\/\/lejardinexotique.fr\/index.php\/plante-rare\/","url":"https:\/\/lejardinexotique.fr\/index.php\/plante-rare\/","name":"Les Plantes Rares - Le jardin exotique","isPartOf":{"@id":"https:\/\/lejardinexotique.fr\/#website"},"primaryImageOfPage":{"@id":"https:\/\/lejardinexotique.fr\/index.php\/plante-rare\/#primaryimage"},"image":{"@id":"https:\/\/lejardinexotique.fr\/index.php\/plante-rare\/#primaryimage"},"thumbnailUrl":"https:\/\/lejardinexotique.fr\/wp-content\/uploads\/2022\/06\/20220529_104151.jpg","datePublished":"2022-01-28T08:13:25+00:00","dateModified":"2024-12-27T08:54:56+00:00","description":"D\u00e9couvrez nos plantes rares. Notre collection s'\u00e9toffe chaque ann\u00e9e . Le collectionneur de plantes a toujours mati\u00e8re a apprendre.","breadcrumb":{"@id":"https:\/\/lejardinexotique.fr\/index.php\/plante-rare\/#breadcrumb"},"inLanguage":"fr-FR","potentialAction":[{"@type":"ReadAction","target":["https:\/\/lejardinexotique.fr\/index.php\/plante-rare\/"]}]},{"@type":"ImageObject","inLanguage":"fr-FR","@id":"https:\/\/lejardinexotique.fr\/index.php\/plante-rare\/#primaryimage","url":"https:\/\/lejardinexotique.fr\/wp-content\/uploads\/2022\/06\/20220529_104151.jpg","contentUrl":"https:\/\/lejardinexotique.fr\/wp-content\/uploads\/2022\/06\/20220529_104151.jpg","width":400,"height":533,"caption":"araucaria cryptomeria Japonica"},{"@type":"BreadcrumbList","@id":"https:\/\/lejardinexotique.fr\/index.php\/plante-rare\/#breadcrumb","itemListElement":[{"@type":"ListItem","position":1,"name":"Accueil","item":"https:\/\/lejardinexotique.fr\/"},{"@type":"ListItem","position":2,"name":"Les Plantes Rares"}]},{"@type":"WebSite","@id":"https:\/\/lejardinexotique.fr\/#website","url":"https:\/\/lejardinexotique.fr\/","name":"Le jardin exotique","description":"Le jardin du Sud Gresivaudan","publisher":{"@id":"https:\/\/lejardinexotique.fr\/#organization"},"potentialAction":[{"@type":"SearchAction","target":{"@type":"EntryPoint","urlTemplate":"https:\/\/lejardinexotique.fr\/?s={search_term_string}"},"query-input":{"@type":"PropertyValueSpecification","valueRequired":true,"valueName":"search_term_string"}}],"inLanguage":"fr-FR"},{"@type":"Organization","@id":"https:\/\/lejardinexotique.fr\/#organization","name":"Le jardin exotique","url":"https:\/\/lejardinexotique.fr\/","logo":{"@type":"ImageObject","inLanguage":"fr-FR","@id":"https:\/\/lejardinexotique.fr\/#\/schema\/logo\/image\/","url":"https:\/\/lejardinexotique.fr\/wp-content\/uploads\/2022\/01\/vue-jardin-les-singes-384x512-2.jpg","contentUrl":"https:\/\/lejardinexotique.fr\/wp-content\/uploads\/2022\/01\/vue-jardin-les-singes-384x512-2.jpg","width":800,"height":1500,"caption":"Le jardin exotique"},"image":{"@id":"https:\/\/lejardinexotique.fr\/#\/schema\/logo\/image\/"},"sameAs":["https:\/\/www.facebook.com\/eric.just.5"]}]}},"_links":{"self":[{"href":"https:\/\/lejardinexotique.fr\/index.php\/wp-json\/wp\/v2\/pages\/115","targetHints":{"allow":["GET"]}}],"collection":[{"href":"https:\/\/lejardinexotique.fr\/index.php\/wp-json\/wp\/v2\/pages"}],"about":[{"href":"https:\/\/lejardinexotique.fr\/index.php\/wp-json\/wp\/v2\/types\/page"}],"author":[{"embeddable":true,"href":"https:\/\/lejardinexotique.fr\/index.php\/wp-json\/wp\/v2\/users\/1"}],"replies":[{"embeddable":true,"href":"https:\/\/lejardinexotique.fr\/index.php\/wp-json\/wp\/v2\/comments?post=115"}],"version-history":[{"count":13,"href":"https:\/\/lejardinexotique.fr\/index.php\/wp-json\/wp\/v2\/pages\/115\/revisions"}],"predecessor-version":[{"id":653,"href":"https:\/\/lejardinexotique.fr\/index.php\/wp-json\/wp\/v2\/pages\/115\/revisions\/653"}],"wp:attachment":[{"href":"https:\/\/lejardinexotique.fr\/index.php\/wp-json\/wp\/v2\/media?parent=115"}],"curies":[{"name":"wp","href":"https:\/\/api.w.org\/{rel}","templated":true}]}}