{"id":113,"date":"2022-01-28T09:12:59","date_gmt":"2022-01-28T08:12:59","guid":{"rendered":"http:\/\/lejardinexotique.fr\/?page_id=113"},"modified":"2024-12-27T09:23:14","modified_gmt":"2024-12-27T08:23:14","slug":"fleurs-exotiques","status":"publish","type":"page","link":"https:\/\/lejardinexotique.fr\/index.php\/fleurs-exotiques\/","title":{"rendered":"Les Cannas"},"content":{"rendered":"\n<p>Fleurs exotiques , le canna ou balisier est&nbsp;<strong>proche du bananier<\/strong>. Son rhizome charnu donne une longue tige aux larges feuilles ovales vertes ou pourpres, surmont\u00e9e de fleurs en panache aux coloris vifs. En Tha\u00eflande, le Canna est un&nbsp;<strong>cadeau traditionnel<\/strong>&nbsp;pour la&nbsp;<strong>f\u00eate des p\u00e8res<\/strong>.<\/p>\n\n\n\n<div class=\"wp-block-buttons is-layout-flex wp-block-buttons-is-layout-flex\">\n<div class=\"wp-block-button has-custom-width wp-block-button__width-50 is-style-outline is-style-outline--1\"><a class=\"wp-block-button__link has-pale-ocean-gradient-background has-background wp-element-button\" href=\"https:\/\/www.youtube.com\/watch?v=nAa71KotVt4\" target=\"_blank\" rel=\"noreferrer noopener\">Connaitre les cannas<\/a><\/div>\n<\/div>\n\n\n\n<div class=\"wp-block-columns is-layout-flex wp-container-core-columns-is-layout-9d6595d7 wp-block-columns-is-layout-flex\">\n<div class=\"wp-block-column is-layout-flow wp-block-column-is-layout-flow\">\n<figure class=\"wp-block-image size-full\"><img loading=\"lazy\" decoding=\"async\" width=\"300\" height=\"400\" src=\"https:\/\/lejardinexotique.fr\/wp-content\/uploads\/2022\/01\/canna-golden-orb300x400-1.jpg\" alt=\"\" class=\"wp-image-178\" srcset=\"https:\/\/lejardinexotique.fr\/wp-content\/uploads\/2022\/01\/canna-golden-orb300x400-1.jpg 300w, https:\/\/lejardinexotique.fr\/wp-content\/uploads\/2022\/01\/canna-golden-orb300x400-1-225x300.jpg 225w\" sizes=\"auto, (max-width: 300px) 100vw, 300px\" \/><\/figure>\n<\/div>\n\n\n\n<div class=\"wp-block-column is-layout-flow wp-block-column-is-layout-flow\">\n<h2 class=\"wp-block-heading\" id=\"canna-golden\">Canna golden ; fleurs exotiques<\/h2>\n\n\n\n<p><strong><em>Compacte,  le Canna golden  Lucifer produit des fleurs jaune  vif incroyablement accrocheuses, orn\u00e9es de taches de  rousseur rouges. Les fleurs aux  couleurs  vivent se d\u00e9tachent sur  le feuillage  luxuriant de grande  feuilles  vertes  en  forme de lance. Fleurissant du milieu de  l&rsquo;\u00e9t\u00e9 \u00e0  l&rsquo;automne  , ce canna nain est parfait pour  la bordure ensoleill\u00e9e ou les grands conteneurs. Tol\u00e9rant  \u00e0 la chaleur et  \u00e0 l&rsquo;humidit\u00e9.<\/em><\/strong><\/p>\n<\/div>\n<\/div>\n\n\n\n<div class=\"wp-block-columns is-layout-flex wp-container-core-columns-is-layout-9d6595d7 wp-block-columns-is-layout-flex\">\n<div class=\"wp-block-column is-layout-flow wp-block-column-is-layout-flow\">\n<figure class=\"wp-block-image size-full\"><img loading=\"lazy\" decoding=\"async\" width=\"300\" height=\"400\" src=\"https:\/\/lejardinexotique.fr\/wp-content\/uploads\/2022\/01\/backdrop-corsica300x400-1.jpg\" alt=\"\" class=\"wp-image-184\" srcset=\"https:\/\/lejardinexotique.fr\/wp-content\/uploads\/2022\/01\/backdrop-corsica300x400-1.jpg 300w, https:\/\/lejardinexotique.fr\/wp-content\/uploads\/2022\/01\/backdrop-corsica300x400-1-225x300.jpg 225w\" sizes=\"auto, (max-width: 300px) 100vw, 300px\" \/><\/figure>\n<\/div>\n\n\n\n<div class=\"wp-block-column is-layout-flow wp-block-column-is-layout-flow\">\n<h2 class=\"wp-block-heading\" id=\"canna-corsica\">Canna Corsica<\/h2>\n\n\n\n<p><strong><em>Il est possible de faire d\u00e9marrer les bulbes de&nbsp;cannas&nbsp;sous abri, en v\u00e9randa, serre ou m\u00eame \u00e0 l&rsquo;int\u00e9rieur, en pla\u00e7ant les rhizomes en pots dans un m\u00e9lange \u00e0 parts \u00e9gales de terre v\u00e9g\u00e9tale et de terreau, pour les planter en ext\u00e9rieur en mai, la floraison commen\u00e7ant ainsi plus t\u00f4t.<\/em><\/strong><\/p>\n<\/div>\n<\/div>\n\n\n\n<div class=\"wp-block-columns is-layout-flex wp-container-core-columns-is-layout-9d6595d7 wp-block-columns-is-layout-flex\">\n<div class=\"wp-block-column is-layout-flow wp-block-column-is-layout-flow\">\n<figure class=\"wp-block-image size-full\"><img loading=\"lazy\" decoding=\"async\" width=\"300\" height=\"400\" src=\"https:\/\/lejardinexotique.fr\/wp-content\/uploads\/2022\/01\/canna-ibis300x400-1.jpg\" alt=\"\" class=\"wp-image-179\" srcset=\"https:\/\/lejardinexotique.fr\/wp-content\/uploads\/2022\/01\/canna-ibis300x400-1.jpg 300w, https:\/\/lejardinexotique.fr\/wp-content\/uploads\/2022\/01\/canna-ibis300x400-1-225x300.jpg 225w\" sizes=\"auto, (max-width: 300px) 100vw, 300px\" \/><\/figure>\n<\/div>\n\n\n\n<div class=\"wp-block-column is-layout-flow wp-block-column-is-layout-flow\">\n<h2 class=\"wp-block-heading\" id=\"canna-ibis\">Canna ibis<\/h2>\n\n\n\n<p><strong><em>Les Canna Ibis,  ont un feuillage pourpre surmont\u00e9 d&rsquo;\u00e9pis de fleurs carmin. Ils poss\u00e8dent une silhouette impressionnante et majestueuse. Ils offrent en \u00e9t\u00e9 des fleurs \u00e9clatantes, aux tons chauds&nbsp;<\/em><\/strong><\/p>\n<\/div>\n<\/div>\n\n\n\n<div class=\"wp-block-columns is-layout-flex wp-container-core-columns-is-layout-9d6595d7 wp-block-columns-is-layout-flex\">\n<div class=\"wp-block-column is-layout-flow wp-block-column-is-layout-flow\">\n<figure class=\"wp-block-image size-full\"><img loading=\"lazy\" decoding=\"async\" width=\"300\" height=\"400\" src=\"https:\/\/lejardinexotique.fr\/wp-content\/uploads\/2022\/01\/canna-geant-marabout300x400-2.jpg\" alt=\"\" class=\"wp-image-177\" srcset=\"https:\/\/lejardinexotique.fr\/wp-content\/uploads\/2022\/01\/canna-geant-marabout300x400-2.jpg 300w, https:\/\/lejardinexotique.fr\/wp-content\/uploads\/2022\/01\/canna-geant-marabout300x400-2-225x300.jpg 225w\" sizes=\"auto, (max-width: 300px) 100vw, 300px\" \/><\/figure>\n<\/div>\n\n\n\n<div class=\"wp-block-column is-layout-flow wp-block-column-is-layout-flow\">\n<h2 class=\"wp-block-heading\" id=\"canna-marabout-geant\">Canna marabout g\u00e9ant<\/h2>\n\n\n\n<p><strong><em>De ce grand canna, c\u2019est d\u2019bord le feuillage qu\u2019on remarque. Il rappelle un peu celui du bananier, avec son vert clair satin\u00e9. Les feuilles peuvent atteindre 60 cm de longueur et sont assez larges. D\u00e8s que ce canna entre en v\u00e9g\u00e9tation au printemps, il pousse vite et fort. Si bien que c\u2019est l\u2019un des premiers cannas&nbsp; fleurir, parfois d\u00e8s le mois de juin. La fleur est petite, compar\u00e9e \u00e0 la taille de la plante.<\/em><\/strong><\/p>\n<\/div>\n<\/div>\n\n\n\n<div class=\"wp-block-columns is-layout-flex wp-container-core-columns-is-layout-9d6595d7 wp-block-columns-is-layout-flex\">\n<div class=\"wp-block-column is-layout-flow wp-block-column-is-layout-flow\">\n<figure class=\"wp-block-image size-full\"><img loading=\"lazy\" decoding=\"async\" width=\"212\" height=\"347\" src=\"https:\/\/lejardinexotique.fr\/wp-content\/uploads\/2022\/01\/canna-alaska-300x400-2.jpg\" alt=\"\" class=\"wp-image-172\" srcset=\"https:\/\/lejardinexotique.fr\/wp-content\/uploads\/2022\/01\/canna-alaska-300x400-2.jpg 212w, https:\/\/lejardinexotique.fr\/wp-content\/uploads\/2022\/01\/canna-alaska-300x400-2-183x300.jpg 183w\" sizes=\"auto, (max-width: 212px) 100vw, 212px\" \/><figcaption class=\"wp-element-caption\"> canna Alaska. <\/figcaption><\/figure>\n<\/div>\n\n\n\n<div class=\"wp-block-column is-layout-flow wp-block-column-is-layout-flow\">\n<h2 class=\"wp-block-heading\" id=\"canna-alaska\">Canna alaska<\/h2>\n\n\n\n<p><em><span><b>Un feuillage vert-gris et des fleurs blanc cr\u00e8me au <\/b><\/span><strong>c\u0153ur jaunissant. Pour plates-bandes, massifs et contenants. Demande un sol humide et bien drain\u00e9. On peut d\u00e9terrer le rhizome \u00e0 l`automne, l`ass\u00e9cher et le garder dans un lieu sec et frais pour l`hiver; en mars, on divise le rhizome au besoin et on le rempote. Sortir le plant au jardin \u00e0 la fin mai.<\/strong><\/em><\/p>\n<\/div>\n<\/div>\n\n\n\n<div class=\"wp-block-columns is-layout-flex wp-container-core-columns-is-layout-9d6595d7 wp-block-columns-is-layout-flex\">\n<div class=\"wp-block-column is-layout-flow wp-block-column-is-layout-flow\">\n<figure class=\"wp-block-image size-full\"><img loading=\"lazy\" decoding=\"async\" width=\"300\" height=\"400\" src=\"https:\/\/lejardinexotique.fr\/wp-content\/uploads\/2022\/01\/canna-durban-black300x400-2.jpg\" alt=\"\" class=\"wp-image-176\" srcset=\"https:\/\/lejardinexotique.fr\/wp-content\/uploads\/2022\/01\/canna-durban-black300x400-2.jpg 300w, https:\/\/lejardinexotique.fr\/wp-content\/uploads\/2022\/01\/canna-durban-black300x400-2-225x300.jpg 225w\" sizes=\"auto, (max-width: 300px) 100vw, 300px\" \/><\/figure>\n<\/div>\n\n\n\n<div class=\"wp-block-column is-layout-flow wp-block-column-is-layout-flow\">\n<h2 class=\"wp-block-heading\" id=\"canna-durban\">Canna Durban<\/h2>\n\n\n\n<p><strong><em>Grande vivace rhizomateuse \u00e0 fleurs orange vif qui a la particularit\u00e9 de port\u00e9 un feuillage magnifique d&rsquo;abord rouge pourpre, se panachant ensuite de rose, de vert et de cr\u00e8me qui s&rsquo;harmonise tr\u00e8s bien avec les fleurs.<\/em><\/strong><\/p>\n<\/div>\n<\/div>\n\n\n\n<div class=\"wp-block-columns is-layout-flex wp-container-core-columns-is-layout-9d6595d7 wp-block-columns-is-layout-flex\">\n<div class=\"wp-block-column is-layout-flow wp-block-column-is-layout-flow\">\n<figure class=\"wp-block-image size-full\"><img loading=\"lazy\" decoding=\"async\" width=\"275\" height=\"206\" src=\"https:\/\/lejardinexotique.fr\/wp-content\/uploads\/2022\/10\/308805318_627058775664293_2796555369732401669_n.jpg\" alt=\"\" class=\"wp-image-590\"\/><\/figure>\n<\/div>\n\n\n\n<div class=\"wp-block-column is-layout-flow wp-block-column-is-layout-flow\">\n<h2 class=\"wp-block-heading\" id=\"canna-bird-of-paradise\">Canna bird of  paradise<\/h2>\n\n\n\n<p><strong><em>Superbe canna \u00e0 feuillage vert fonc\u00e9 vein\u00e9 de pourpre&nbsp;, les feuilles sont assez fine et plut\u00f4t longue, il est fin et \u00e9lanc\u00e9. Belle tige florale haute bien au dessus du feuillage, compos\u00e9e d\u2019une multitude de petite fleur orange rouge vif<br>Etonnant par son feuillage \u00e0 m\u00e9langer avec des cannas ou colocosia vert pour le faire ressortir<\/em><\/strong><\/p>\n\n\n\n<p><strong><em>Exposition plein soleil, paillez la souche pour <\/em><\/strong>conserver l\u2019humidit\u00e9<\/p>\n<\/div>\n<\/div>\n\n\n\n<div class=\"wp-block-columns is-layout-flex wp-container-core-columns-is-layout-9d6595d7 wp-block-columns-is-layout-flex\">\n<div class=\"wp-block-column is-layout-flow wp-block-column-is-layout-flow\">\n<figure class=\"wp-block-image size-full\"><img loading=\"lazy\" decoding=\"async\" width=\"187\" height=\"380\" src=\"https:\/\/lejardinexotique.fr\/wp-content\/uploads\/2022\/01\/canna-cannova-rose300x400-1.jpg\" alt=\"\" class=\"wp-image-168\" srcset=\"https:\/\/lejardinexotique.fr\/wp-content\/uploads\/2022\/01\/canna-cannova-rose300x400-1.jpg 187w, https:\/\/lejardinexotique.fr\/wp-content\/uploads\/2022\/01\/canna-cannova-rose300x400-1-148x300.jpg 148w\" sizes=\"auto, (max-width: 187px) 100vw, 187px\" \/><\/figure>\n<\/div>\n\n\n\n<div class=\"wp-block-column is-layout-flow wp-block-column-is-layout-flow\">\n<h2 class=\"wp-block-heading\" id=\"canna-canova-rose\">Canna canova rose<\/h2>\n\n\n\n<p>IL doit \u00eatre expos\u00e9 au soleil . Le canna canova fleuri l&rsquo;\u00e9t\u00e9 il a une grande tolerance \u00e0 la chaleur<\/p>\n<\/div>\n<\/div>\n\n\n\n<div class=\"wp-block-columns is-layout-flex wp-container-core-columns-is-layout-9d6595d7 wp-block-columns-is-layout-flex\">\n<div class=\"wp-block-column is-layout-flow wp-block-column-is-layout-flow\">\n<figure class=\"wp-block-image size-full\"><img loading=\"lazy\" decoding=\"async\" width=\"300\" height=\"400\" src=\"https:\/\/lejardinexotique.fr\/wp-content\/uploads\/2022\/01\/canna-turker-my300x400.jpg\" alt=\"\" class=\"wp-image-69\" srcset=\"https:\/\/lejardinexotique.fr\/wp-content\/uploads\/2022\/01\/canna-turker-my300x400.jpg 300w, https:\/\/lejardinexotique.fr\/wp-content\/uploads\/2022\/01\/canna-turker-my300x400-225x300.jpg 225w\" sizes=\"auto, (max-width: 300px) 100vw, 300px\" \/><\/figure>\n<\/div>\n\n\n\n<div class=\"wp-block-column is-layout-flow wp-block-column-is-layout-flow\">\n<h2 class=\"wp-block-heading\" id=\"canna-turkey-my\">Canna turkey my<\/h2>\n\n\n\n<p><strong><em>Le canna est une grande&nbsp;plante&nbsp;\u00e0 fleurs. Les cannas dits \u2018nains\u2019 mesurent au plus 80cm, les \u2018hauts\u2019 peuvent atteindre jusqu\u2019\u00e0 1,20m de haut. Leurs larges feuilles vigoureuses enveloppent la tige. Elles sont vertes ou pourpres, parfois stri\u00e9es.<\/em><\/strong><\/p>\n<\/div>\n<\/div>\n\n\n\n<div class=\"wp-block-columns is-layout-flex wp-container-core-columns-is-layout-9d6595d7 wp-block-columns-is-layout-flex\">\n<div class=\"wp-block-column is-layout-flow wp-block-column-is-layout-flow\">\n<figure class=\"wp-block-image size-full\"><img loading=\"lazy\" decoding=\"async\" width=\"300\" height=\"400\" src=\"https:\/\/lejardinexotique.fr\/wp-content\/uploads\/2022\/01\/canna-cleopatra300x400-2.jpg\" alt=\"\" class=\"wp-image-175\" srcset=\"https:\/\/lejardinexotique.fr\/wp-content\/uploads\/2022\/01\/canna-cleopatra300x400-2.jpg 300w, https:\/\/lejardinexotique.fr\/wp-content\/uploads\/2022\/01\/canna-cleopatra300x400-2-225x300.jpg 225w\" sizes=\"auto, (max-width: 300px) 100vw, 300px\" \/><\/figure>\n<\/div>\n\n\n\n<div class=\"wp-block-column is-layout-flow wp-block-column-is-layout-flow\">\n<h2 class=\"wp-block-heading\" id=\"canna-cleopatra\">Canna Cleopatra<\/h2>\n\n\n\n<p><em><strong>Le canna est une vari\u00e9t\u00e9 un peu \u00e9trange, instable, dot\u00e9e d&rsquo;une floraison insolite et d&rsquo;une v\u00e9g\u00e9tation d\u00e9concertante. Chaque rhizome produit une plante diff\u00e9rente, et offre des fleurs variables sur un m\u00eame \u00e9pi, adoptant diverses panachures de jaune, de blanc, d&rsquo;orange et de rouge brillant, une autre plante produisant des fleurs unies, rouges.  . <\/strong><\/em> <\/p>\n<\/div>\n<\/div>\n\n\n\n<div class=\"wp-block-columns is-layout-flex wp-container-core-columns-is-layout-9d6595d7 wp-block-columns-is-layout-flex\">\n<div class=\"wp-block-column is-layout-flow wp-block-column-is-layout-flow\">\n<figure class=\"wp-block-image size-full\"><img loading=\"lazy\" decoding=\"async\" width=\"300\" height=\"400\" src=\"https:\/\/lejardinexotique.fr\/wp-content\/uploads\/2022\/01\/canna-red-king-humbert300x400-1.jpg\" alt=\"\" class=\"wp-image-180\" srcset=\"https:\/\/lejardinexotique.fr\/wp-content\/uploads\/2022\/01\/canna-red-king-humbert300x400-1.jpg 300w, https:\/\/lejardinexotique.fr\/wp-content\/uploads\/2022\/01\/canna-red-king-humbert300x400-1-225x300.jpg 225w\" sizes=\"auto, (max-width: 300px) 100vw, 300px\" \/><\/figure>\n<\/div>\n\n\n\n<div class=\"wp-block-column is-layout-flow wp-block-column-is-layout-flow\">\n<h2 class=\"wp-block-heading\" id=\"canna-red-kig-humbert\">Canna red  kig humbert<\/h2>\n\n\n\n<p><strong><em>Les Canna red king Humbert sont tr\u00e8s majestueux et s\u00e9duisent par son feuillage qui prend une tr\u00e8s belle teinte brun-pourpre patin\u00e9e de bronze \u00e0 maturit\u00e9.<\/em><\/strong><\/p>\n<\/div>\n<\/div>\n\n\n\n<div class=\"wp-block-columns is-layout-flex wp-container-core-columns-is-layout-9d6595d7 wp-block-columns-is-layout-flex\">\n<div class=\"wp-block-column is-layout-flow wp-block-column-is-layout-flow\">\n<figure class=\"wp-block-image size-full\"><img loading=\"lazy\" decoding=\"async\" width=\"300\" height=\"400\" src=\"https:\/\/lejardinexotique.fr\/wp-content\/uploads\/2022\/01\/backdrop-canna-captain-america-300x400-1.jpg\" alt=\"\" class=\"wp-image-162\" srcset=\"https:\/\/lejardinexotique.fr\/wp-content\/uploads\/2022\/01\/backdrop-canna-captain-america-300x400-1.jpg 300w, https:\/\/lejardinexotique.fr\/wp-content\/uploads\/2022\/01\/backdrop-canna-captain-america-300x400-1-225x300.jpg 225w\" sizes=\"auto, (max-width: 300px) 100vw, 300px\" \/><\/figure>\n<\/div>\n\n\n\n<div class=\"wp-block-column is-layout-flow wp-block-column-is-layout-flow\">\n<h2 class=\"wp-block-heading\" id=\"canna-captain-america\">Canna captain america : fleurs exotiques<\/h2>\n\n\n\n<p><strong><em>Un canna  au charme  ind\u00e9niable  avec  une fleur tr\u00e8s structur\u00e9e de  couleur rose .IL est fan du  soleil mais a besoin d&rsquo;\u00eatre arros\u00e9.<\/em><\/strong><\/p>\n<\/div>\n<\/div>\n\n\n\n<div class=\"wp-block-columns is-layout-flex wp-container-core-columns-is-layout-9d6595d7 wp-block-columns-is-layout-flex\">\n<div class=\"wp-block-column is-layout-flow wp-block-column-is-layout-flow\">\n<figure class=\"wp-block-image size-full\"><img loading=\"lazy\" decoding=\"async\" width=\"300\" height=\"698\" src=\"https:\/\/lejardinexotique.fr\/wp-content\/uploads\/2022\/01\/cannas-musafolia-rubrume-2.jpg\" alt=\"\" class=\"wp-image-181\" srcset=\"https:\/\/lejardinexotique.fr\/wp-content\/uploads\/2022\/01\/cannas-musafolia-rubrume-2.jpg 300w, https:\/\/lejardinexotique.fr\/wp-content\/uploads\/2022\/01\/cannas-musafolia-rubrume-2-129x300.jpg 129w\" sizes=\"auto, (max-width: 300px) 100vw, 300px\" \/><\/figure>\n<\/div>\n\n\n\n<div class=\"wp-block-column is-layout-flow wp-block-column-is-layout-flow\">\n<h2 class=\"wp-block-heading\" id=\"canna-musafolia\">Canna  musafolia rebrueum<\/h2>\n\n\n\n<p><strong><em>Ce canna g\u00e9ant, de plus de 2.50m de hauteur, est une plante de grande valeur ornementale, produisant d&rsquo;immenses feuilles luxuriantes, semblables \u00e0 celles d&rsquo;un bananier, de couleur vert bronz\u00e9 liser\u00e9 de pourpre. Sa floraison est discr\u00e8te, sous forme d&rsquo;\u00e9pis de petites fleurs orang\u00e9es. De croissance rapide, il est rustique jusqu&rsquo;\u00e0 -15\u00b0C, en sol drain\u00e9. A planter dans un sol fertile et frais, au soleil.<\/em><\/strong><\/p>\n<\/div>\n<\/div>\n\n\n\n<div class=\"wp-block-columns is-layout-flex wp-container-core-columns-is-layout-9d6595d7 wp-block-columns-is-layout-flex\">\n<div class=\"wp-block-column is-layout-flow wp-block-column-is-layout-flow\">\n<figure class=\"wp-block-image size-large\"><img loading=\"lazy\" decoding=\"async\" width=\"768\" height=\"1024\" src=\"https:\/\/lejardinexotique.fr\/wp-content\/uploads\/2022\/01\/canna-stuttgart800x1500-768x1024.jpg\" alt=\"\" class=\"wp-image-208\" srcset=\"https:\/\/lejardinexotique.fr\/wp-content\/uploads\/2022\/01\/canna-stuttgart800x1500-768x1024.jpg 768w, https:\/\/lejardinexotique.fr\/wp-content\/uploads\/2022\/01\/canna-stuttgart800x1500-225x300.jpg 225w, https:\/\/lejardinexotique.fr\/wp-content\/uploads\/2022\/01\/canna-stuttgart800x1500.jpg 1125w\" sizes=\"auto, (max-width: 768px) 100vw, 768px\" \/><\/figure>\n<\/div>\n\n\n\n<div class=\"wp-block-column is-layout-flow wp-block-column-is-layout-flow\">\n<h2 class=\"wp-block-heading\" id=\"canna-stuttgart\">Canna Stuttgart<\/h2>\n\n\n\n<p><strong><em>Grande vivace rhizomateuse offrant des \u00e9pis de fleurs \u00e9l\u00e9gantes et rac\u00e9es, orange saumon\u00e9, au dessus d&rsquo;un feuillage spectaculaire, vert fonc\u00e9 largement panach\u00e9 et flamb\u00e9 de blanc-cr\u00e8me. Une nouveaut\u00e9 toute en contraste, au look tr\u00e8s <\/em><\/strong><em><strong>exotique, superbe en massifs ou sur la terrasse. Pr\u00e9f\u00e9rant la chaleur, tol\u00e9rant la s\u00e9cheresse, il fleurira mieux en sol drain\u00e9 mais frais, en plein soleil.<\/strong><\/em><\/p>\n<\/div>\n<\/div>\n\n\n\n<div class=\"wp-block-columns is-layout-flex wp-container-core-columns-is-layout-9d6595d7 wp-block-columns-is-layout-flex\">\n<div class=\"wp-block-column is-layout-flow wp-block-column-is-layout-flow\">\n<figure class=\"wp-block-image size-full\"><img loading=\"lazy\" decoding=\"async\" width=\"300\" height=\"400\" src=\"https:\/\/lejardinexotique.fr\/wp-content\/uploads\/2022\/01\/canna-pretoria300x400.jpg\" alt=\"\" class=\"wp-image-66\" srcset=\"https:\/\/lejardinexotique.fr\/wp-content\/uploads\/2022\/01\/canna-pretoria300x400.jpg 300w, https:\/\/lejardinexotique.fr\/wp-content\/uploads\/2022\/01\/canna-pretoria300x400-225x300.jpg 225w\" sizes=\"auto, (max-width: 300px) 100vw, 300px\" \/><\/figure>\n<\/div>\n\n\n\n<div class=\"wp-block-column is-layout-flow wp-block-column-is-layout-flow\">\n<h2 class=\"wp-block-heading\" id=\"canna-pretoria\">Canna  pretoria<\/h2>\n\n\n\n<p>Le <strong>CANNA<\/strong> &lsquo;<strong>Pretoria<\/strong>&lsquo; est une grande vari\u00e9t\u00e9 <strong><em>d\u00e9passant un m\u00e8tre de hauteur, dont les fleurs sont orange ourl\u00e9es de jaune et le feuillage est pourpre. <\/em><\/strong><\/p>\n<\/div>\n<\/div>\n\n\n\n<div class=\"wp-block-columns is-layout-flex wp-container-core-columns-is-layout-9d6595d7 wp-block-columns-is-layout-flex\">\n<div class=\"wp-block-column is-layout-flow wp-block-column-is-layout-flow\">\n<figure class=\"wp-block-gallery has-nested-images columns-default is-cropped wp-block-gallery-2 is-layout-flex wp-block-gallery-is-layout-flex\">\n<figure class=\"wp-block-image size-large\"><img loading=\"lazy\" decoding=\"async\" width=\"153\" height=\"206\" data-id=\"587\" src=\"https:\/\/lejardinexotique.fr\/wp-content\/uploads\/2022\/10\/308624746_1529242254176301_3182106339020336663_n.jpg\" alt=\"\" class=\"wp-image-587\"\/><\/figure>\n<\/figure>\n<\/div>\n\n\n\n<div class=\"wp-block-column is-layout-flow wp-block-column-is-layout-flow\">\n<h2 class=\"wp-block-heading\">Canna  Wolf Song<\/h2>\n\n\n\n<p>Soyez parmi les premiers \u00e0 cultiver cet incroyable Canna ! La chanson du loup nous a \u00e9t\u00e9 donn\u00e9e par Michael Wolf, de Toronto, il y a quelques ann\u00e9es, et nous avons maintenant suffisamment d\u2019actions \u00e0 partager. Le cultivar est apparu par hasard dans son jardin comme un sport. C\u2019est un lys panach\u00e9 fantastique et unique avec vert clair sur vert fonc\u00e9, assez audacieux pour cr\u00e9er un effet frais dans le jardin, mais pas assez audacieux pour submerger un affichage. Les plantes poussent 4-6 pieds de haut et sont surmont\u00e9es de fleurs rouge vif en \u00e9t\u00e9. Rustique \u00e0 la zone 7 si plant\u00e9 dans un sol bien drain\u00e9 et donn\u00e9 un peu de paillis.<\/p>\n<\/div>\n<\/div>\n\n\n\n<div class=\"wp-block-buttons is-layout-flex wp-block-buttons-is-layout-flex\">\n<div class=\"wp-block-button has-custom-width wp-block-button__width-50 is-style-outline is-style-outline--3\"><a class=\"wp-block-button__link has-black-color has-pale-ocean-gradient-background has-text-color has-background wp-element-button\" href=\"\" target=\"_blank\" rel=\"noreferrer noopener\">nous contacter<\/a><\/div>\n<\/div>\n","protected":false},"excerpt":{"rendered":"<p>Fleurs exotiques , le canna ou balisier est&nbsp;proche du bananier. Son rhizome charnu donne une longue tige aux larges feuilles ovales vertes ou pourpres, surmont\u00e9e de fleurs en panache aux coloris vifs. En Tha\u00eflande, le Canna est un&nbsp;cadeau traditionnel&nbsp;pour la&nbsp;f\u00eate des p\u00e8res. Canna golden ; fleurs exotiques Compacte, le Canna golden Lucifer produit des fleurs [&hellip;]<\/p>\n","protected":false},"author":1,"featured_media":0,"parent":0,"menu_order":0,"comment_status":"closed","ping_status":"closed","template":"","meta":{"_monsterinsights_skip_tracking":false,"_monsterinsights_sitenote_active":false,"_monsterinsights_sitenote_note":"","_monsterinsights_sitenote_category":0,"footnotes":""},"class_list":["post-113","page","type-page","status-publish","hentry"],"yoast_head":"<!-- This site is optimized with the Yoast SEO plugin v27.5 - https:\/\/yoast.com\/product\/yoast-seo-wordpress\/ -->\n<title>Les Cannas - Le jardin exotique<\/title>\n<meta name=\"description\" content=\"Fleurs exotiques les cannas sont des belles fleurs tr\u00e8s color\u00e9es , elles se d\u00e9veloppent tr\u00e8s facilement et se garde sous forme de bulbes .\" \/>\n<meta name=\"robots\" content=\"index, follow, max-snippet:-1, max-image-preview:large, max-video-preview:-1\" \/>\n<link rel=\"canonical\" href=\"https:\/\/lejardinexotique.fr\/index.php\/fleurs-exotiques\/\" \/>\n<meta property=\"og:locale\" content=\"fr_FR\" \/>\n<meta property=\"og:type\" content=\"article\" \/>\n<meta property=\"og:title\" content=\"Les Cannas - Le jardin exotique\" \/>\n<meta property=\"og:description\" content=\"Fleurs exotiques les cannas sont des belles fleurs tr\u00e8s color\u00e9es , elles se d\u00e9veloppent tr\u00e8s facilement et se garde sous forme de bulbes .\" \/>\n<meta property=\"og:url\" content=\"https:\/\/lejardinexotique.fr\/index.php\/fleurs-exotiques\/\" \/>\n<meta property=\"og:site_name\" content=\"Le jardin exotique\" \/>\n<meta property=\"article:publisher\" content=\"https:\/\/www.facebook.com\/eric.just.5\" \/>\n<meta property=\"article:modified_time\" content=\"2024-12-27T08:23:14+00:00\" \/>\n<meta property=\"og:image\" content=\"https:\/\/lejardinexotique.fr\/wp-content\/uploads\/2022\/01\/canna-golden-orb300x400-1.jpg\" \/>\n\t<meta property=\"og:image:width\" content=\"300\" \/>\n\t<meta property=\"og:image:height\" content=\"400\" \/>\n\t<meta property=\"og:image:type\" content=\"image\/jpeg\" \/>\n<meta name=\"twitter:card\" content=\"summary_large_image\" \/>\n<meta name=\"twitter:label1\" content=\"Dur\u00e9e de lecture estim\u00e9e\" \/>\n\t<meta name=\"twitter:data1\" content=\"7 minutes\" \/>\n<script type=\"application\/ld+json\" class=\"yoast-schema-graph\">{\"@context\":\"https:\\\/\\\/schema.org\",\"@graph\":[{\"@type\":\"WebPage\",\"@id\":\"https:\\\/\\\/lejardinexotique.fr\\\/index.php\\\/fleurs-exotiques\\\/\",\"url\":\"https:\\\/\\\/lejardinexotique.fr\\\/index.php\\\/fleurs-exotiques\\\/\",\"name\":\"Les Cannas - Le jardin exotique\",\"isPartOf\":{\"@id\":\"https:\\\/\\\/lejardinexotique.fr\\\/#website\"},\"primaryImageOfPage\":{\"@id\":\"https:\\\/\\\/lejardinexotique.fr\\\/index.php\\\/fleurs-exotiques\\\/#primaryimage\"},\"image\":{\"@id\":\"https:\\\/\\\/lejardinexotique.fr\\\/index.php\\\/fleurs-exotiques\\\/#primaryimage\"},\"thumbnailUrl\":\"https:\\\/\\\/lejardinexotique.fr\\\/wp-content\\\/uploads\\\/2022\\\/01\\\/canna-golden-orb300x400-1.jpg\",\"datePublished\":\"2022-01-28T08:12:59+00:00\",\"dateModified\":\"2024-12-27T08:23:14+00:00\",\"description\":\"Fleurs exotiques les cannas sont des belles fleurs tr\u00e8s color\u00e9es , elles se d\u00e9veloppent tr\u00e8s facilement et se garde sous forme de bulbes .\",\"breadcrumb\":{\"@id\":\"https:\\\/\\\/lejardinexotique.fr\\\/index.php\\\/fleurs-exotiques\\\/#breadcrumb\"},\"inLanguage\":\"fr-FR\",\"potentialAction\":[{\"@type\":\"ReadAction\",\"target\":[\"https:\\\/\\\/lejardinexotique.fr\\\/index.php\\\/fleurs-exotiques\\\/\"]}]},{\"@type\":\"ImageObject\",\"inLanguage\":\"fr-FR\",\"@id\":\"https:\\\/\\\/lejardinexotique.fr\\\/index.php\\\/fleurs-exotiques\\\/#primaryimage\",\"url\":\"https:\\\/\\\/lejardinexotique.fr\\\/wp-content\\\/uploads\\\/2022\\\/01\\\/canna-golden-orb300x400-1.jpg\",\"contentUrl\":\"https:\\\/\\\/lejardinexotique.fr\\\/wp-content\\\/uploads\\\/2022\\\/01\\\/canna-golden-orb300x400-1.jpg\",\"width\":300,\"height\":400},{\"@type\":\"BreadcrumbList\",\"@id\":\"https:\\\/\\\/lejardinexotique.fr\\\/index.php\\\/fleurs-exotiques\\\/#breadcrumb\",\"itemListElement\":[{\"@type\":\"ListItem\",\"position\":1,\"name\":\"Accueil\",\"item\":\"https:\\\/\\\/lejardinexotique.fr\\\/\"},{\"@type\":\"ListItem\",\"position\":2,\"name\":\"Les Cannas\"}]},{\"@type\":\"WebSite\",\"@id\":\"https:\\\/\\\/lejardinexotique.fr\\\/#website\",\"url\":\"https:\\\/\\\/lejardinexotique.fr\\\/\",\"name\":\"Le jardin exotique\",\"description\":\"Le jardin du Sud Gresivaudan\",\"publisher\":{\"@id\":\"https:\\\/\\\/lejardinexotique.fr\\\/#organization\"},\"potentialAction\":[{\"@type\":\"SearchAction\",\"target\":{\"@type\":\"EntryPoint\",\"urlTemplate\":\"https:\\\/\\\/lejardinexotique.fr\\\/?s={search_term_string}\"},\"query-input\":{\"@type\":\"PropertyValueSpecification\",\"valueRequired\":true,\"valueName\":\"search_term_string\"}}],\"inLanguage\":\"fr-FR\"},{\"@type\":\"Organization\",\"@id\":\"https:\\\/\\\/lejardinexotique.fr\\\/#organization\",\"name\":\"Le jardin exotique\",\"url\":\"https:\\\/\\\/lejardinexotique.fr\\\/\",\"logo\":{\"@type\":\"ImageObject\",\"inLanguage\":\"fr-FR\",\"@id\":\"https:\\\/\\\/lejardinexotique.fr\\\/#\\\/schema\\\/logo\\\/image\\\/\",\"url\":\"https:\\\/\\\/lejardinexotique.fr\\\/wp-content\\\/uploads\\\/2022\\\/01\\\/vue-jardin-les-singes-384x512-2.jpg\",\"contentUrl\":\"https:\\\/\\\/lejardinexotique.fr\\\/wp-content\\\/uploads\\\/2022\\\/01\\\/vue-jardin-les-singes-384x512-2.jpg\",\"width\":800,\"height\":1500,\"caption\":\"Le jardin exotique\"},\"image\":{\"@id\":\"https:\\\/\\\/lejardinexotique.fr\\\/#\\\/schema\\\/logo\\\/image\\\/\"},\"sameAs\":[\"https:\\\/\\\/www.facebook.com\\\/eric.just.5\"]}]}<\/script>\n<!-- \/ Yoast SEO plugin. -->","yoast_head_json":{"title":"Les Cannas - Le jardin exotique","description":"Fleurs exotiques les cannas sont des belles fleurs tr\u00e8s color\u00e9es , elles se d\u00e9veloppent tr\u00e8s facilement et se garde sous forme de bulbes .","robots":{"index":"index","follow":"follow","max-snippet":"max-snippet:-1","max-image-preview":"max-image-preview:large","max-video-preview":"max-video-preview:-1"},"canonical":"https:\/\/lejardinexotique.fr\/index.php\/fleurs-exotiques\/","og_locale":"fr_FR","og_type":"article","og_title":"Les Cannas - Le jardin exotique","og_description":"Fleurs exotiques les cannas sont des belles fleurs tr\u00e8s color\u00e9es , elles se d\u00e9veloppent tr\u00e8s facilement et se garde sous forme de bulbes .","og_url":"https:\/\/lejardinexotique.fr\/index.php\/fleurs-exotiques\/","og_site_name":"Le jardin exotique","article_publisher":"https:\/\/www.facebook.com\/eric.just.5","article_modified_time":"2024-12-27T08:23:14+00:00","og_image":[{"width":300,"height":400,"url":"https:\/\/lejardinexotique.fr\/wp-content\/uploads\/2022\/01\/canna-golden-orb300x400-1.jpg","type":"image\/jpeg"}],"twitter_card":"summary_large_image","twitter_misc":{"Dur\u00e9e de lecture estim\u00e9e":"7 minutes"},"schema":{"@context":"https:\/\/schema.org","@graph":[{"@type":"WebPage","@id":"https:\/\/lejardinexotique.fr\/index.php\/fleurs-exotiques\/","url":"https:\/\/lejardinexotique.fr\/index.php\/fleurs-exotiques\/","name":"Les Cannas - Le jardin exotique","isPartOf":{"@id":"https:\/\/lejardinexotique.fr\/#website"},"primaryImageOfPage":{"@id":"https:\/\/lejardinexotique.fr\/index.php\/fleurs-exotiques\/#primaryimage"},"image":{"@id":"https:\/\/lejardinexotique.fr\/index.php\/fleurs-exotiques\/#primaryimage"},"thumbnailUrl":"https:\/\/lejardinexotique.fr\/wp-content\/uploads\/2022\/01\/canna-golden-orb300x400-1.jpg","datePublished":"2022-01-28T08:12:59+00:00","dateModified":"2024-12-27T08:23:14+00:00","description":"Fleurs exotiques les cannas sont des belles fleurs tr\u00e8s color\u00e9es , elles se d\u00e9veloppent tr\u00e8s facilement et se garde sous forme de bulbes .","breadcrumb":{"@id":"https:\/\/lejardinexotique.fr\/index.php\/fleurs-exotiques\/#breadcrumb"},"inLanguage":"fr-FR","potentialAction":[{"@type":"ReadAction","target":["https:\/\/lejardinexotique.fr\/index.php\/fleurs-exotiques\/"]}]},{"@type":"ImageObject","inLanguage":"fr-FR","@id":"https:\/\/lejardinexotique.fr\/index.php\/fleurs-exotiques\/#primaryimage","url":"https:\/\/lejardinexotique.fr\/wp-content\/uploads\/2022\/01\/canna-golden-orb300x400-1.jpg","contentUrl":"https:\/\/lejardinexotique.fr\/wp-content\/uploads\/2022\/01\/canna-golden-orb300x400-1.jpg","width":300,"height":400},{"@type":"BreadcrumbList","@id":"https:\/\/lejardinexotique.fr\/index.php\/fleurs-exotiques\/#breadcrumb","itemListElement":[{"@type":"ListItem","position":1,"name":"Accueil","item":"https:\/\/lejardinexotique.fr\/"},{"@type":"ListItem","position":2,"name":"Les Cannas"}]},{"@type":"WebSite","@id":"https:\/\/lejardinexotique.fr\/#website","url":"https:\/\/lejardinexotique.fr\/","name":"Le jardin exotique","description":"Le jardin du Sud Gresivaudan","publisher":{"@id":"https:\/\/lejardinexotique.fr\/#organization"},"potentialAction":[{"@type":"SearchAction","target":{"@type":"EntryPoint","urlTemplate":"https:\/\/lejardinexotique.fr\/?s={search_term_string}"},"query-input":{"@type":"PropertyValueSpecification","valueRequired":true,"valueName":"search_term_string"}}],"inLanguage":"fr-FR"},{"@type":"Organization","@id":"https:\/\/lejardinexotique.fr\/#organization","name":"Le jardin exotique","url":"https:\/\/lejardinexotique.fr\/","logo":{"@type":"ImageObject","inLanguage":"fr-FR","@id":"https:\/\/lejardinexotique.fr\/#\/schema\/logo\/image\/","url":"https:\/\/lejardinexotique.fr\/wp-content\/uploads\/2022\/01\/vue-jardin-les-singes-384x512-2.jpg","contentUrl":"https:\/\/lejardinexotique.fr\/wp-content\/uploads\/2022\/01\/vue-jardin-les-singes-384x512-2.jpg","width":800,"height":1500,"caption":"Le jardin exotique"},"image":{"@id":"https:\/\/lejardinexotique.fr\/#\/schema\/logo\/image\/"},"sameAs":["https:\/\/www.facebook.com\/eric.just.5"]}]}},"_links":{"self":[{"href":"https:\/\/lejardinexotique.fr\/index.php\/wp-json\/wp\/v2\/pages\/113","targetHints":{"allow":["GET"]}}],"collection":[{"href":"https:\/\/lejardinexotique.fr\/index.php\/wp-json\/wp\/v2\/pages"}],"about":[{"href":"https:\/\/lejardinexotique.fr\/index.php\/wp-json\/wp\/v2\/types\/page"}],"author":[{"embeddable":true,"href":"https:\/\/lejardinexotique.fr\/index.php\/wp-json\/wp\/v2\/users\/1"}],"replies":[{"embeddable":true,"href":"https:\/\/lejardinexotique.fr\/index.php\/wp-json\/wp\/v2\/comments?post=113"}],"version-history":[{"count":19,"href":"https:\/\/lejardinexotique.fr\/index.php\/wp-json\/wp\/v2\/pages\/113\/revisions"}],"predecessor-version":[{"id":641,"href":"https:\/\/lejardinexotique.fr\/index.php\/wp-json\/wp\/v2\/pages\/113\/revisions\/641"}],"wp:attachment":[{"href":"https:\/\/lejardinexotique.fr\/index.php\/wp-json\/wp\/v2\/media?parent=113"}],"curies":[{"name":"wp","href":"https:\/\/api.w.org\/{rel}","templated":true}]}}